{"version":"1.0","provider_name":"NETBAKIS","provider_url":"https:\/\/netbakis.net\/tr","title":"Bayram Karaman son yolculu\u011funa u\u011furland\u0131 - NETBAKIS","type":"rich","width":600,"height":338,"html":"<blockquote class=\"wp-embedded-content\" data-secret=\"Tc6ofRUhP7\"><a href=\"https:\/\/netbakis.net\/tr\/7208\/\">Bayram Karaman son yolculu\u011funa u\u011furland\u0131<\/a><\/blockquote><iframe sandbox=\"allow-scripts\" security=\"restricted\" src=\"https:\/\/netbakis.net\/tr\/7208\/embed\/#?secret=Tc6ofRUhP7\" width=\"600\" height=\"338\" title=\"&#8220;Bayram Karaman son yolculu\u011funa u\u011furland\u0131&#8221; &#8212; NETBAKIS\" data-secret=\"Tc6ofRUhP7\" frameborder=\"0\" marginwidth=\"0\" marginheight=\"0\" scrolling=\"no\" class=\"wp-embedded-content\"><\/iframe><script type=\"text\/javascript\">\n\/* <![CDATA[ *\/\n\/*! This file is auto-generated *\/\n!function(d,l){\"use strict\";l.querySelector&&d.addEventListener&&\"undefined\"!=typeof URL&&(d.wp=d.wp||{},d.wp.receiveEmbedMessage||(d.wp.receiveEmbedMessage=function(e){var t=e.data;if((t||t.secret||t.message||t.value)&&!\/[^a-zA-Z0-9]\/.test(t.secret)){for(var s,r,n,a=l.querySelectorAll('iframe[data-secret=\"'+t.secret+'\"]'),o=l.querySelectorAll('blockquote[data-secret=\"'+t.secret+'\"]'),c=new RegExp(\"^https?:$\",\"i\"),i=0;i<o.length;i++)o[i].style.display=\"none\";for(i=0;i<a.length;i++)s=a[i],e.source===s.contentWindow&&(s.removeAttribute(\"style\"),\"height\"===t.message?(1e3<(r=parseInt(t.value,10))?r=1e3:~~r<200&&(r=200),s.height=r):\"link\"===t.message&&(r=new URL(s.getAttribute(\"src\")),n=new URL(t.value),c.test(n.protocol))&&n.host===r.host&&l.activeElement===s&&(d.top.location.href=t.value))}},d.addEventListener(\"message\",d.wp.receiveEmbedMessage,!1),l.addEventListener(\"DOMContentLoaded\",function(){for(var e,t,s=l.querySelectorAll(\"iframe.wp-embedded-content\"),r=0;r<s.length;r++)(t=(e=s[r]).getAttribute(\"data-secret\"))||(t=Math.random().toString(36).substring(2,12),e.src+=\"#?secret=\"+t,e.setAttribute(\"data-secret\",t)),e.contentWindow.postMessage({message:\"ready\",secret:t},\"*\")},!1)))}(window,document);\n\/\/# sourceURL=https:\/\/netbakis.net\/wp-includes\/js\/wp-embed.min.js\n\/* ]]> *\/\n<\/script>","thumbnail_url":"https:\/\/netbakis.net\/wp-content\/uploads\/2022\/07\/bayram_karaman_son_yolculuguna_ugurlandi_h101679_407de.jpeg","thumbnail_width":656,"thumbnail_height":400,"description":"Bayram Karaman, bug\u00fcn \u00c7atalk\u00f6y\u2019de son yolculu\u011funa u\u011furland\u0131. Hayat\u0131n\u0131 d\u00fcn kaybeden eski milletvekili ve sendikac\u0131 Bayram Karaman, bug\u00fcn \u00c7atalk\u00f6y\u2019de son yolculu\u011funa u\u011furland\u0131. 72 ya\u015f\u0131nda hayat\u0131n\u0131 kaybeden Bayram Karaman \u00c7atalk\u00f6y Camii\u2019nde k\u0131l\u0131nan \u00f6\u011fle namaz\u0131n\u0131n ard\u0131ndan \u00c7atalk\u00f6y Mezarl\u0131\u011f\u0131\u2019nda topra\u011fa verildi. Cenaze t\u00f6renine 2. Cumhurba\u015fkan\u0131 Mehmet Ali Talat, CTP Genel Ba\u015fkan\u0131 Tufan Erh\u00fcrman, baz\u0131 milletvekilleri, sendikac\u0131lar, Karaman\u2019\u0131n yak\u0131nlar\u0131 ve [&hellip;]"}