{"version":"1.0","provider_name":"NETBAKIS","provider_url":"https:\/\/netbakis.net\/tr","title":"Frontex'ten g\u0131da krizi nedeniyle AB'ye yeni g\u00f6\u00e7 dalgas\u0131 uyar\u0131s\u0131 - NETBAKIS","type":"rich","width":600,"height":338,"html":"<blockquote class=\"wp-embedded-content\" data-secret=\"L3WoDWnCWB\"><a href=\"https:\/\/netbakis.net\/tr\/6874\/\">Frontex&#8217;ten g\u0131da krizi nedeniyle AB&#8217;ye yeni g\u00f6\u00e7 dalgas\u0131 uyar\u0131s\u0131<\/a><\/blockquote><iframe sandbox=\"allow-scripts\" security=\"restricted\" src=\"https:\/\/netbakis.net\/tr\/6874\/embed\/#?secret=L3WoDWnCWB\" width=\"600\" height=\"338\" title=\"&#8220;Frontex&#8217;ten g\u0131da krizi nedeniyle AB&#8217;ye yeni g\u00f6\u00e7 dalgas\u0131 uyar\u0131s\u0131&#8221; &#8212; NETBAKIS\" data-secret=\"L3WoDWnCWB\" frameborder=\"0\" marginwidth=\"0\" marginheight=\"0\" scrolling=\"no\" class=\"wp-embedded-content\"><\/iframe><script type=\"text\/javascript\">\n\/* <![CDATA[ *\/\n\/*! This file is auto-generated *\/\n!function(d,l){\"use strict\";l.querySelector&&d.addEventListener&&\"undefined\"!=typeof URL&&(d.wp=d.wp||{},d.wp.receiveEmbedMessage||(d.wp.receiveEmbedMessage=function(e){var t=e.data;if((t||t.secret||t.message||t.value)&&!\/[^a-zA-Z0-9]\/.test(t.secret)){for(var s,r,n,a=l.querySelectorAll('iframe[data-secret=\"'+t.secret+'\"]'),o=l.querySelectorAll('blockquote[data-secret=\"'+t.secret+'\"]'),c=new RegExp(\"^https?:$\",\"i\"),i=0;i<o.length;i++)o[i].style.display=\"none\";for(i=0;i<a.length;i++)s=a[i],e.source===s.contentWindow&&(s.removeAttribute(\"style\"),\"height\"===t.message?(1e3<(r=parseInt(t.value,10))?r=1e3:~~r<200&&(r=200),s.height=r):\"link\"===t.message&&(r=new URL(s.getAttribute(\"src\")),n=new URL(t.value),c.test(n.protocol))&&n.host===r.host&&l.activeElement===s&&(d.top.location.href=t.value))}},d.addEventListener(\"message\",d.wp.receiveEmbedMessage,!1),l.addEventListener(\"DOMContentLoaded\",function(){for(var e,t,s=l.querySelectorAll(\"iframe.wp-embedded-content\"),r=0;r<s.length;r++)(t=(e=s[r]).getAttribute(\"data-secret\"))||(t=Math.random().toString(36).substring(2,12),e.src+=\"#?secret=\"+t,e.setAttribute(\"data-secret\",t)),e.contentWindow.postMessage({message:\"ready\",secret:t},\"*\")},!1)))}(window,document);\n\/\/# sourceURL=https:\/\/netbakis.net\/wp-includes\/js\/wp-embed.min.js\n\/* ]]> *\/\n<\/script>","thumbnail_url":"https:\/\/netbakis.net\/wp-content\/uploads\/2022\/07\/38121518_101.jpg","thumbnail_width":1024,"thumbnail_height":576,"description":"Avrupa Birli\u011fi&#8217;nin d\u0131\u015f s\u0131n\u0131rlar\u0131n\u0131n g\u00fcvenli\u011finden sorumlu kurumu Frontex, Ukrayna&#8217;daki sava\u015f\u0131n yol a\u00e7t\u0131\u011f\u0131 g\u0131da krizinin k\u0131taya do\u011fru yeni g\u00f6\u00e7 dalgalar\u0131n\u0131 tetikleyebilece\u011fi uyar\u0131s\u0131nda bulundu. S\u0131n\u0131r Koruma Ajans\u0131 Frontex Ba\u015fkan Vekili Aija Kalnaja Birli\u011fin yeni m\u00fclteci ak\u0131n\u0131na haz\u0131rl\u0131kl\u0131 olmas\u0131 gerekt\u011fini belirtti. AB&#8217;nin Ukrayna&#8217;dan gelen m\u00fclteciler i\u00e7in haz\u0131rl\u0131kl\u0131 oldu\u011funu vurgulayan Frontex yetkiilisi &#8220;Ayn\u0131 zamanda g\u0131da g\u00fcvensizli\u011fi sebebiyle ba\u015fka b\u00f6lgelerden [&hellip;]"}