{"version":"1.0","provider_name":"NETBAKIS","provider_url":"https:\/\/netbakis.net\/tr","title":"DA\u00dc\u2019de \u0130srail\u2019in Gazze\u2019ye Y\u00f6nelik Sald\u0131r\u0131lar\u0131 Protesto Edildi - NETBAKIS","type":"rich","width":600,"height":338,"html":"<blockquote class=\"wp-embedded-content\" data-secret=\"rD586pWVcW\"><a href=\"https:\/\/netbakis.net\/tr\/5716\/\">DA\u00dc\u2019de \u0130srail\u2019in Gazze\u2019ye Y\u00f6nelik Sald\u0131r\u0131lar\u0131 Protesto Edildi<\/a><\/blockquote><iframe sandbox=\"allow-scripts\" security=\"restricted\" src=\"https:\/\/netbakis.net\/tr\/5716\/embed\/#?secret=rD586pWVcW\" width=\"600\" height=\"338\" title=\"&#8220;DA\u00dc\u2019de \u0130srail\u2019in Gazze\u2019ye Y\u00f6nelik Sald\u0131r\u0131lar\u0131 Protesto Edildi&#8221; &#8212; NETBAKIS\" data-secret=\"rD586pWVcW\" frameborder=\"0\" marginwidth=\"0\" marginheight=\"0\" scrolling=\"no\" class=\"wp-embedded-content\"><\/iframe><script type=\"text\/javascript\">\n\/* <![CDATA[ *\/\n\/*! This file is auto-generated *\/\n!function(d,l){\"use strict\";l.querySelector&&d.addEventListener&&\"undefined\"!=typeof URL&&(d.wp=d.wp||{},d.wp.receiveEmbedMessage||(d.wp.receiveEmbedMessage=function(e){var t=e.data;if((t||t.secret||t.message||t.value)&&!\/[^a-zA-Z0-9]\/.test(t.secret)){for(var s,r,n,a=l.querySelectorAll('iframe[data-secret=\"'+t.secret+'\"]'),o=l.querySelectorAll('blockquote[data-secret=\"'+t.secret+'\"]'),c=new RegExp(\"^https?:$\",\"i\"),i=0;i<o.length;i++)o[i].style.display=\"none\";for(i=0;i<a.length;i++)s=a[i],e.source===s.contentWindow&&(s.removeAttribute(\"style\"),\"height\"===t.message?(1e3<(r=parseInt(t.value,10))?r=1e3:~~r<200&&(r=200),s.height=r):\"link\"===t.message&&(r=new URL(s.getAttribute(\"src\")),n=new URL(t.value),c.test(n.protocol))&&n.host===r.host&&l.activeElement===s&&(d.top.location.href=t.value))}},d.addEventListener(\"message\",d.wp.receiveEmbedMessage,!1),l.addEventListener(\"DOMContentLoaded\",function(){for(var e,t,s=l.querySelectorAll(\"iframe.wp-embedded-content\"),r=0;r<s.length;r++)(t=(e=s[r]).getAttribute(\"data-secret\"))||(t=Math.random().toString(36).substring(2,12),e.src+=\"#?secret=\"+t,e.setAttribute(\"data-secret\",t)),e.contentWindow.postMessage({message:\"ready\",secret:t},\"*\")},!1)))}(window,document);\n\/\/# sourceURL=https:\/\/netbakis.net\/wp-includes\/js\/wp-embed.min.js\n\/* ]]> *\/\n<\/script>","thumbnail_url":"https:\/\/netbakis.net\/wp-content\/uploads\/2021\/05\/dau.jpg","thumbnail_width":910,"thumbnail_height":430,"description":"Do\u011fu Akdeniz \u00dcniversitesi\u2019nde (DA\u00dc) e\u011fitim g\u00f6ren Filistinli \u00f6\u011frenciler \u0130srail\u2019in Gazze\u2019ye y\u00f6nelik sald\u0131r\u0131s\u0131n\u0131 protesto etti. Do\u011fu Akdeniz \u00dcniversitesi\u2019nde (DA\u00dc) e\u011fitim g\u00f6ren Filistinli \u00f6\u011frenciler \u0130srail\u2019in Gazze\u2019ye y\u00f6nelik sald\u0131r\u0131s\u0131n\u0131 protesto etti. DA\u00dc Sosyal ve K\u00fclt\u00fcrel \u0130\u015flerden Sorumlu Rekt\u00f6r Yard\u0131mc\u0131s\u0131 Do\u00e7. Dr. Deniz \u0130\u015f\u00e7io\u011flu\u2019nun da yer ald\u0131\u011f\u0131 protestoda \u00f6\u011frenciler pankartlarla slogan atarak DA\u00dc\u2019de y\u00fcr\u00fcy\u00fc\u015f ger\u00e7ekle\u015ftirdi. \u00dcniversiteden verilen bilgiye g\u00f6re, [&hellip;]"}