{"version":"1.0","provider_name":"NETBAKIS","provider_url":"https:\/\/netbakis.net\/tr","title":"Kovid-19 vaka say\u0131lar\u0131 y\u00fcksek \u00fclkelerden Gazze'ye gelenlere zorunlu karantina uygulanacak - NETBAKIS","type":"rich","width":600,"height":338,"html":"<blockquote class=\"wp-embedded-content\" data-secret=\"AKoLWbV10D\"><a href=\"https:\/\/netbakis.net\/tr\/5216\/\">Kovid-19 vaka say\u0131lar\u0131 y\u00fcksek \u00fclkelerden Gazze&#8217;ye gelenlere zorunlu karantina uygulanacak<\/a><\/blockquote><iframe sandbox=\"allow-scripts\" security=\"restricted\" src=\"https:\/\/netbakis.net\/tr\/5216\/embed\/#?secret=AKoLWbV10D\" width=\"600\" height=\"338\" title=\"&#8220;Kovid-19 vaka say\u0131lar\u0131 y\u00fcksek \u00fclkelerden Gazze&#8217;ye gelenlere zorunlu karantina uygulanacak&#8221; &#8212; NETBAKIS\" data-secret=\"AKoLWbV10D\" frameborder=\"0\" marginwidth=\"0\" marginheight=\"0\" scrolling=\"no\" class=\"wp-embedded-content\"><\/iframe><script type=\"text\/javascript\">\n\/* <![CDATA[ *\/\n\/*! This file is auto-generated *\/\n!function(d,l){\"use strict\";l.querySelector&&d.addEventListener&&\"undefined\"!=typeof URL&&(d.wp=d.wp||{},d.wp.receiveEmbedMessage||(d.wp.receiveEmbedMessage=function(e){var t=e.data;if((t||t.secret||t.message||t.value)&&!\/[^a-zA-Z0-9]\/.test(t.secret)){for(var s,r,n,a=l.querySelectorAll('iframe[data-secret=\"'+t.secret+'\"]'),o=l.querySelectorAll('blockquote[data-secret=\"'+t.secret+'\"]'),c=new RegExp(\"^https?:$\",\"i\"),i=0;i<o.length;i++)o[i].style.display=\"none\";for(i=0;i<a.length;i++)s=a[i],e.source===s.contentWindow&&(s.removeAttribute(\"style\"),\"height\"===t.message?(1e3<(r=parseInt(t.value,10))?r=1e3:~~r<200&&(r=200),s.height=r):\"link\"===t.message&&(r=new URL(s.getAttribute(\"src\")),n=new URL(t.value),c.test(n.protocol))&&n.host===r.host&&l.activeElement===s&&(d.top.location.href=t.value))}},d.addEventListener(\"message\",d.wp.receiveEmbedMessage,!1),l.addEventListener(\"DOMContentLoaded\",function(){for(var e,t,s=l.querySelectorAll(\"iframe.wp-embedded-content\"),r=0;r<s.length;r++)(t=(e=s[r]).getAttribute(\"data-secret\"))||(t=Math.random().toString(36).substring(2,12),e.src+=\"#?secret=\"+t,e.setAttribute(\"data-secret\",t)),e.contentWindow.postMessage({message:\"ready\",secret:t},\"*\")},!1)))}(window,document);\n\/\/# sourceURL=https:\/\/netbakis.net\/wp-includes\/js\/wp-embed.min.js\n\/* ]]> *\/\n<\/script>","thumbnail_url":"https:\/\/netbakis.net\/wp-content\/uploads\/2021\/04\/thumbs_b_c_582fbee18c6d5249d64f428ea86080dd.jpg","thumbnail_width":864,"thumbnail_height":486,"description":"Gazze&#8217;de, yeni tip koronavir\u00fcse (Kovid-19) kar\u015f\u0131 \u00f6nlemler kapsam\u0131nda, baz\u0131 \u00fclkelerden gelenler i\u00e7in zorunlu karantina \u015fart\u0131 getirildi. \u0130\u00e7i\u015fleri Bakanl\u0131\u011f\u0131 S\u00f6zc\u00fcs\u00fc \u0130yad el-Bezm, &#8220;Gazze \u015eeridi&#8216;ne, vaka say\u0131lar\u0131 y\u00fcksek olan Hindistan ve Banglade\u015f gibi \u00fclkelerden giri\u015f yapanlara zorunlu karantina uygulanacak.&#8221; dedi. Per\u015fembe g\u00fcn\u00fc y\u00fcr\u00fcrl\u00fc\u011fe konulan ve ak\u015fam ezan\u0131 ile sabah namaz\u0131 aras\u0131nda tam kapanmay\u0131 \u00f6ng\u00f6ren uygulamay\u0131 hat\u0131rlatan Bezm,&nbsp;Kovid-19&#8216;la [&hellip;]"}