{"version":"1.0","provider_name":"NETBAKIS","provider_url":"https:\/\/netbakis.net\/tr","title":"Alayk\u00f6y\u2019de gece kul\u00fcb\u00fcne silahl\u0131 sald\u0131r\u0131 zanl\u0131lar\u0131ndan biri cezaevinde di\u011feri teminatla serbest - NETBAKIS","type":"rich","width":600,"height":338,"html":"<blockquote class=\"wp-embedded-content\" data-secret=\"VDjtQhy85c\"><a href=\"https:\/\/netbakis.net\/tr\/41795\/\">Alayk\u00f6y\u2019de gece kul\u00fcb\u00fcne silahl\u0131 sald\u0131r\u0131 zanl\u0131lar\u0131ndan biri cezaevinde di\u011feri teminatla serbest<\/a><\/blockquote><iframe sandbox=\"allow-scripts\" security=\"restricted\" src=\"https:\/\/netbakis.net\/tr\/41795\/embed\/#?secret=VDjtQhy85c\" width=\"600\" height=\"338\" title=\"&#8220;Alayk\u00f6y\u2019de gece kul\u00fcb\u00fcne silahl\u0131 sald\u0131r\u0131 zanl\u0131lar\u0131ndan biri cezaevinde di\u011feri teminatla serbest&#8221; &#8212; NETBAKIS\" data-secret=\"VDjtQhy85c\" frameborder=\"0\" marginwidth=\"0\" marginheight=\"0\" scrolling=\"no\" class=\"wp-embedded-content\"><\/iframe><script>\n\/*! This file is auto-generated *\/\n!function(d,l){\"use strict\";l.querySelector&&d.addEventListener&&\"undefined\"!=typeof URL&&(d.wp=d.wp||{},d.wp.receiveEmbedMessage||(d.wp.receiveEmbedMessage=function(e){var t=e.data;if((t||t.secret||t.message||t.value)&&!\/[^a-zA-Z0-9]\/.test(t.secret)){for(var s,r,n,a=l.querySelectorAll('iframe[data-secret=\"'+t.secret+'\"]'),o=l.querySelectorAll('blockquote[data-secret=\"'+t.secret+'\"]'),c=new RegExp(\"^https?:$\",\"i\"),i=0;i<o.length;i++)o[i].style.display=\"none\";for(i=0;i<a.length;i++)s=a[i],e.source===s.contentWindow&&(s.removeAttribute(\"style\"),\"height\"===t.message?(1e3<(r=parseInt(t.value,10))?r=1e3:~~r<200&&(r=200),s.height=r):\"link\"===t.message&&(r=new URL(s.getAttribute(\"src\")),n=new URL(t.value),c.test(n.protocol))&&n.host===r.host&&l.activeElement===s&&(d.top.location.href=t.value))}},d.addEventListener(\"message\",d.wp.receiveEmbedMessage,!1),l.addEventListener(\"DOMContentLoaded\",function(){for(var e,t,s=l.querySelectorAll(\"iframe.wp-embedded-content\"),r=0;r<s.length;r++)(t=(e=s[r]).getAttribute(\"data-secret\"))||(t=Math.random().toString(36).substring(2,12),e.src+=\"#?secret=\"+t,e.setAttribute(\"data-secret\",t)),e.contentWindow.postMessage({message:\"ready\",secret:t},\"*\")},!1)))}(window,document);\n\/\/# sourceURL=https:\/\/netbakis.net\/wp-includes\/js\/wp-embed.min.js\n<\/script>","thumbnail_url":"https:\/\/netbakis.net\/wp-content\/uploads\/2026\/09\/v2normalhaberboyutuablonsuzkopyas-2026-09-04t145825070_1788523661.webp","thumbnail_width":971,"thumbnail_height":551,"description":"Alayk\u00f6y\u2019de bir gece kul\u00fcb\u00fcn\u00fcn tabelas\u0131na iki el ate\u015f edilmesiyle ilgili K.B. ve D.D. yeniden mahkemeye \u00e7\u0131kar\u0131ld\u0131. K.B. 3 ay\u0131 a\u015fmayan s\u00fcreyle cezaevine g\u00f6nderilirken, D.D. teminata ba\u011fland\u0131. Alayk\u00f6y\u2019de faaliyet g\u00f6steren bir gece kul\u00fcb\u00fcne silahl\u0131 sald\u0131r\u0131 d\u00fczenlemekle itham edilen K.B. ve D.D. yeniden mahkemeye \u00e7\u0131kar\u0131ld\u0131. Mahkemede mesele ile ilgili olarak \u015fahadet veren polis memuru Nurettin \u00d6zgenler, olayla [&hellip;]"}