{"version":"1.0","provider_name":"NETBAKIS","provider_url":"https:\/\/netbakis.net\/tr","title":"Gemi facias\u0131nda hayat\u0131n\u0131 kaybeden \u0130smail Kurt son yolculu\u011funa u\u011furland\u0131 - NETBAKIS","type":"rich","width":600,"height":338,"html":"<blockquote class=\"wp-embedded-content\" data-secret=\"JHHopSA8OY\"><a href=\"https:\/\/netbakis.net\/tr\/41789\/\">Gemi facias\u0131nda hayat\u0131n\u0131 kaybeden \u0130smail Kurt son yolculu\u011funa u\u011furland\u0131<\/a><\/blockquote><iframe sandbox=\"allow-scripts\" security=\"restricted\" src=\"https:\/\/netbakis.net\/tr\/41789\/embed\/#?secret=JHHopSA8OY\" width=\"600\" height=\"338\" title=\"&#8220;Gemi facias\u0131nda hayat\u0131n\u0131 kaybeden \u0130smail Kurt son yolculu\u011funa u\u011furland\u0131&#8221; &#8212; NETBAKIS\" data-secret=\"JHHopSA8OY\" frameborder=\"0\" marginwidth=\"0\" marginheight=\"0\" scrolling=\"no\" class=\"wp-embedded-content\"><\/iframe><script>\n\/*! This file is auto-generated *\/\n!function(d,l){\"use strict\";l.querySelector&&d.addEventListener&&\"undefined\"!=typeof URL&&(d.wp=d.wp||{},d.wp.receiveEmbedMessage||(d.wp.receiveEmbedMessage=function(e){var t=e.data;if((t||t.secret||t.message||t.value)&&!\/[^a-zA-Z0-9]\/.test(t.secret)){for(var s,r,n,a=l.querySelectorAll('iframe[data-secret=\"'+t.secret+'\"]'),o=l.querySelectorAll('blockquote[data-secret=\"'+t.secret+'\"]'),c=new RegExp(\"^https?:$\",\"i\"),i=0;i<o.length;i++)o[i].style.display=\"none\";for(i=0;i<a.length;i++)s=a[i],e.source===s.contentWindow&&(s.removeAttribute(\"style\"),\"height\"===t.message?(1e3<(r=parseInt(t.value,10))?r=1e3:~~r<200&&(r=200),s.height=r):\"link\"===t.message&&(r=new URL(s.getAttribute(\"src\")),n=new URL(t.value),c.test(n.protocol))&&n.host===r.host&&l.activeElement===s&&(d.top.location.href=t.value))}},d.addEventListener(\"message\",d.wp.receiveEmbedMessage,!1),l.addEventListener(\"DOMContentLoaded\",function(){for(var e,t,s=l.querySelectorAll(\"iframe.wp-embedded-content\"),r=0;r<s.length;r++)(t=(e=s[r]).getAttribute(\"data-secret\"))||(t=Math.random().toString(36).substring(2,12),e.src+=\"#?secret=\"+t,e.setAttribute(\"data-secret\",t)),e.contentWindow.postMessage({message:\"ready\",secret:t},\"*\")},!1)))}(window,document);\n\/\/# sourceURL=https:\/\/netbakis.net\/wp-includes\/js\/wp-embed.min.js\n<\/script>","thumbnail_url":"https:\/\/netbakis.net\/wp-content\/uploads\/2026\/09\/v2normalhaberboyutuablonsuzkopyas-2026-09-04t150839110_1788524258.webp","thumbnail_width":971,"thumbnail_height":551,"description":"Girne a\u00e7\u0131klar\u0131ndaki alabora olarak batan Filo Jet facias\u0131nda hayat\u0131n\u0131 kaybeden \u0130smail Kurt, \u0130smail Safa Camii\u2019nde k\u0131l\u0131nan cenaze namaz\u0131n\u0131n ard\u0131ndan Lefko\u015fa Mezarl\u0131\u011f\u0131\u2019nda topra\u011fa verildi. Cenaze t\u00f6renine \u00e7ok say\u0131da siyaset\u00e7i, ailesi ve sevenleri kat\u0131ld\u0131. Girne a\u00e7\u0131klar\u0131ndaki alabora olarak batan Filo Jet facias\u0131nda hayat\u0131n\u0131 kaybeden \u0130smail Kurt son yolculu\u011funa u\u011furland\u0131. Kurt&#8217;un naa\u015f\u0131 saat 13.00&#8217;te \u0130smail Safa camiinde k\u0131l\u0131nan [&hellip;]"}