{"version":"1.0","provider_name":"NETBAKIS","provider_url":"https:\/\/netbakis.net\/tr","title":"Sa\u011fl\u0131k Bakanl\u0131\u011f\u0131: Gemi kazas\u0131nda hastanede tedavi g\u00f6ren yaral\u0131 say\u0131s\u0131 3\u2019e d\u00fc\u015ft\u00fc - NETBAKIS","type":"rich","width":600,"height":338,"html":"<blockquote class=\"wp-embedded-content\" data-secret=\"x7qIKrpFTT\"><a href=\"https:\/\/netbakis.net\/tr\/41696\/\">Sa\u011fl\u0131k Bakanl\u0131\u011f\u0131: Gemi kazas\u0131nda hastanede tedavi g\u00f6ren yaral\u0131 say\u0131s\u0131 3\u2019e d\u00fc\u015ft\u00fc<\/a><\/blockquote><iframe sandbox=\"allow-scripts\" security=\"restricted\" src=\"https:\/\/netbakis.net\/tr\/41696\/embed\/#?secret=x7qIKrpFTT\" width=\"600\" height=\"338\" title=\"&#8220;Sa\u011fl\u0131k Bakanl\u0131\u011f\u0131: Gemi kazas\u0131nda hastanede tedavi g\u00f6ren yaral\u0131 say\u0131s\u0131 3\u2019e d\u00fc\u015ft\u00fc&#8221; &#8212; NETBAKIS\" data-secret=\"x7qIKrpFTT\" frameborder=\"0\" marginwidth=\"0\" marginheight=\"0\" scrolling=\"no\" class=\"wp-embedded-content\"><\/iframe><script>\n\/*! This file is auto-generated *\/\n!function(d,l){\"use strict\";l.querySelector&&d.addEventListener&&\"undefined\"!=typeof URL&&(d.wp=d.wp||{},d.wp.receiveEmbedMessage||(d.wp.receiveEmbedMessage=function(e){var t=e.data;if((t||t.secret||t.message||t.value)&&!\/[^a-zA-Z0-9]\/.test(t.secret)){for(var s,r,n,a=l.querySelectorAll('iframe[data-secret=\"'+t.secret+'\"]'),o=l.querySelectorAll('blockquote[data-secret=\"'+t.secret+'\"]'),c=new RegExp(\"^https?:$\",\"i\"),i=0;i<o.length;i++)o[i].style.display=\"none\";for(i=0;i<a.length;i++)s=a[i],e.source===s.contentWindow&&(s.removeAttribute(\"style\"),\"height\"===t.message?(1e3<(r=parseInt(t.value,10))?r=1e3:~~r<200&&(r=200),s.height=r):\"link\"===t.message&&(r=new URL(s.getAttribute(\"src\")),n=new URL(t.value),c.test(n.protocol))&&n.host===r.host&&l.activeElement===s&&(d.top.location.href=t.value))}},d.addEventListener(\"message\",d.wp.receiveEmbedMessage,!1),l.addEventListener(\"DOMContentLoaded\",function(){for(var e,t,s=l.querySelectorAll(\"iframe.wp-embedded-content\"),r=0;r<s.length;r++)(t=(e=s[r]).getAttribute(\"data-secret\"))||(t=Math.random().toString(36).substring(2,12),e.src+=\"#?secret=\"+t,e.setAttribute(\"data-secret\",t)),e.contentWindow.postMessage({message:\"ready\",secret:t},\"*\")},!1)))}(window,document);\n\/\/# sourceURL=https:\/\/netbakis.net\/wp-includes\/js\/wp-embed.min.js\n<\/script>","thumbnail_url":"https:\/\/netbakis.net\/wp-content\/uploads\/2022\/07\/saglikbakanligi.jpg","thumbnail_width":930,"thumbnail_height":410,"description":"Sa\u011fl\u0131k Bakanl\u0131\u011f\u0131, Girne a\u00e7\u0131klar\u0131nda meydana gelen gemi kazas\u0131nda yaralanarak hastanelerde yatarak tedavi g\u00f6ren hasta say\u0131s\u0131n\u0131n 3\u2019e d\u00fc\u015ft\u00fc\u011f\u00fcn\u00fc a\u00e7\u0131klad\u0131. Sa\u011fl\u0131k Bakanl\u0131\u011f\u0131, gemi kazas\u0131nda yaralanarak hastanelerde yatarak tedavi g\u00f6ren hasta say\u0131s\u0131n\u0131n 3\u2019e d\u00fc\u015ft\u00fc\u011f\u00fcn\u00fc a\u00e7\u0131klad\u0131. Sa\u011fl\u0131k Bakanl\u0131\u011f\u0131\u2019ndan yap\u0131lan a\u00e7\u0131klamada, Girne a\u00e7\u0131klar\u0131nda meydana gelen gemi kazas\u0131nda yaralanarak hastanelere kald\u0131r\u0131lan hastalar\u0131n h\u0131zla iyile\u015ferek taburcu edildi\u011fi kaydedildi. A\u00e7\u0131klamada, an itibar\u0131yla t\u00fcm [&hellip;]"}