{"version":"1.0","provider_name":"NETBAKIS","provider_url":"https:\/\/netbakis.net\/tr","title":"Ar\u0131kl\u0131: Yar\u0131n Cumhuriyet Meclisi'ne ba\u015fvurup dokunulmazl\u0131\u011f\u0131m\u0131n kald\u0131r\u0131lmas\u0131n\u0131 isteyece\u011fim - NETBAKIS","type":"rich","width":600,"height":338,"html":"<blockquote class=\"wp-embedded-content\" data-secret=\"a5gmBGEOn5\"><a href=\"https:\/\/netbakis.net\/tr\/41694\/\">Ar\u0131kl\u0131: Yar\u0131n Cumhuriyet Meclisi&#8217;ne ba\u015fvurup dokunulmazl\u0131\u011f\u0131m\u0131n kald\u0131r\u0131lmas\u0131n\u0131 isteyece\u011fim<\/a><\/blockquote><iframe sandbox=\"allow-scripts\" security=\"restricted\" src=\"https:\/\/netbakis.net\/tr\/41694\/embed\/#?secret=a5gmBGEOn5\" width=\"600\" height=\"338\" title=\"&#8220;Ar\u0131kl\u0131: Yar\u0131n Cumhuriyet Meclisi&#8217;ne ba\u015fvurup dokunulmazl\u0131\u011f\u0131m\u0131n kald\u0131r\u0131lmas\u0131n\u0131 isteyece\u011fim&#8221; &#8212; NETBAKIS\" data-secret=\"a5gmBGEOn5\" frameborder=\"0\" marginwidth=\"0\" marginheight=\"0\" scrolling=\"no\" class=\"wp-embedded-content\"><\/iframe><script>\n\/*! This file is auto-generated *\/\n!function(d,l){\"use strict\";l.querySelector&&d.addEventListener&&\"undefined\"!=typeof URL&&(d.wp=d.wp||{},d.wp.receiveEmbedMessage||(d.wp.receiveEmbedMessage=function(e){var t=e.data;if((t||t.secret||t.message||t.value)&&!\/[^a-zA-Z0-9]\/.test(t.secret)){for(var s,r,n,a=l.querySelectorAll('iframe[data-secret=\"'+t.secret+'\"]'),o=l.querySelectorAll('blockquote[data-secret=\"'+t.secret+'\"]'),c=new RegExp(\"^https?:$\",\"i\"),i=0;i<o.length;i++)o[i].style.display=\"none\";for(i=0;i<a.length;i++)s=a[i],e.source===s.contentWindow&&(s.removeAttribute(\"style\"),\"height\"===t.message?(1e3<(r=parseInt(t.value,10))?r=1e3:~~r<200&&(r=200),s.height=r):\"link\"===t.message&&(r=new URL(s.getAttribute(\"src\")),n=new URL(t.value),c.test(n.protocol))&&n.host===r.host&&l.activeElement===s&&(d.top.location.href=t.value))}},d.addEventListener(\"message\",d.wp.receiveEmbedMessage,!1),l.addEventListener(\"DOMContentLoaded\",function(){for(var e,t,s=l.querySelectorAll(\"iframe.wp-embedded-content\"),r=0;r<s.length;r++)(t=(e=s[r]).getAttribute(\"data-secret\"))||(t=Math.random().toString(36).substring(2,12),e.src+=\"#?secret=\"+t,e.setAttribute(\"data-secret\",t)),e.contentWindow.postMessage({message:\"ready\",secret:t},\"*\")},!1)))}(window,document);\n\/\/# sourceURL=https:\/\/netbakis.net\/wp-includes\/js\/wp-embed.min.js\n<\/script>","thumbnail_url":"https:\/\/netbakis.net\/wp-content\/uploads\/2021\/05\/erhan_arikli_akaryakitta_100_milyon_ile_300_milyon_tl_arasinda_vurgun_oldugu_iddia_ediliyor_h103468_174d1.jpg","thumbnail_width":707,"thumbnail_height":431,"description":"Bay\u0131nd\u0131rl\u0131k ve Ula\u015ft\u0131rma Bakan\u0131, YDP Genel Ba\u015fkan\u0131 Erhan Ar\u0131kl\u0131, Filo Jet kazas\u0131yla ilgili soru\u015fturman\u0131n selameti i\u00e7in Limanlar Dairesi\u2019nin ge\u00e7ici olarak Ba\u015fbakanl\u0131\u011fa ba\u011flanmas\u0131n\u0131 ve hukuki-adli sorumlulu\u011fu bulunmas\u0131 h\u00e2linde dokunulmazl\u0131\u011f\u0131n\u0131n kald\u0131r\u0131lmas\u0131n\u0131 talep edece\u011fini a\u00e7\u0131klad\u0131. Ar\u0131kl\u0131 ayr\u0131ca, \u201cH\u00fck\u00fcmetten \u00e7ekilme\u201d g\u00fcndemiyle yap\u0131lmas\u0131 planlanan YDP Parti Meclisi toplant\u0131s\u0131n\u0131n ertelendi\u011fini duyurdu. Bay\u0131nd\u0131rl\u0131k ve Ula\u015ft\u0131rma Bakan\u0131, Yeniden Do\u011fu\u015f Partisi (YDP) Genel Ba\u015fkan\u0131\u00a0Erhan [&hellip;]"}