{"version":"1.0","provider_name":"NETBAKIS","provider_url":"https:\/\/netbakis.net\/tr","title":"Erhan Ar\u0131kl\u0131: Buraya kadarm\u0131\u015f, yar\u0131n Parti Meclisi'nde h\u00fck\u00fcmetten \u00e7ekilmeyi g\u00f6r\u00fc\u015fece\u011fiz - NETBAKIS","type":"rich","width":600,"height":338,"html":"<blockquote class=\"wp-embedded-content\" data-secret=\"1hZU7i4pip\"><a href=\"https:\/\/netbakis.net\/tr\/41681\/\">Erhan Ar\u0131kl\u0131: Buraya kadarm\u0131\u015f, yar\u0131n Parti Meclisi&#8217;nde h\u00fck\u00fcmetten \u00e7ekilmeyi g\u00f6r\u00fc\u015fece\u011fiz<\/a><\/blockquote><iframe sandbox=\"allow-scripts\" security=\"restricted\" src=\"https:\/\/netbakis.net\/tr\/41681\/embed\/#?secret=1hZU7i4pip\" width=\"600\" height=\"338\" title=\"&#8220;Erhan Ar\u0131kl\u0131: Buraya kadarm\u0131\u015f, yar\u0131n Parti Meclisi&#8217;nde h\u00fck\u00fcmetten \u00e7ekilmeyi g\u00f6r\u00fc\u015fece\u011fiz&#8221; &#8212; NETBAKIS\" data-secret=\"1hZU7i4pip\" frameborder=\"0\" marginwidth=\"0\" marginheight=\"0\" scrolling=\"no\" class=\"wp-embedded-content\"><\/iframe><script>\n\/*! This file is auto-generated *\/\n!function(d,l){\"use strict\";l.querySelector&&d.addEventListener&&\"undefined\"!=typeof URL&&(d.wp=d.wp||{},d.wp.receiveEmbedMessage||(d.wp.receiveEmbedMessage=function(e){var t=e.data;if((t||t.secret||t.message||t.value)&&!\/[^a-zA-Z0-9]\/.test(t.secret)){for(var s,r,n,a=l.querySelectorAll('iframe[data-secret=\"'+t.secret+'\"]'),o=l.querySelectorAll('blockquote[data-secret=\"'+t.secret+'\"]'),c=new RegExp(\"^https?:$\",\"i\"),i=0;i<o.length;i++)o[i].style.display=\"none\";for(i=0;i<a.length;i++)s=a[i],e.source===s.contentWindow&&(s.removeAttribute(\"style\"),\"height\"===t.message?(1e3<(r=parseInt(t.value,10))?r=1e3:~~r<200&&(r=200),s.height=r):\"link\"===t.message&&(r=new URL(s.getAttribute(\"src\")),n=new URL(t.value),c.test(n.protocol))&&n.host===r.host&&l.activeElement===s&&(d.top.location.href=t.value))}},d.addEventListener(\"message\",d.wp.receiveEmbedMessage,!1),l.addEventListener(\"DOMContentLoaded\",function(){for(var e,t,s=l.querySelectorAll(\"iframe.wp-embedded-content\"),r=0;r<s.length;r++)(t=(e=s[r]).getAttribute(\"data-secret\"))||(t=Math.random().toString(36).substring(2,12),e.src+=\"#?secret=\"+t,e.setAttribute(\"data-secret\",t)),e.contentWindow.postMessage({message:\"ready\",secret:t},\"*\")},!1)))}(window,document);\n\/\/# sourceURL=https:\/\/netbakis.net\/wp-includes\/js\/wp-embed.min.js\n<\/script>","thumbnail_url":"https:\/\/netbakis.net\/wp-content\/uploads\/2025\/06\/v2yeniproje33_1741953303.webp","thumbnail_width":971,"thumbnail_height":551,"description":"Ba\u015fbakan \u00dcnal \u00dcstel taraf\u0131ndan g\u00f6revden al\u0131nan Erhan Ar\u0131kl\u0131, karar\u0131n kendisine telefonla bildirildi\u011fini belirtti. Ar\u0131kl\u0131, \u201cH\u00fck\u00fcmetin ba\u015f\u0131 olmas\u0131 dolay\u0131s\u0131yla etik olmasa da bu karar\u0131na sayg\u0131 duyuyorum\u201d diyerek, yar\u0131n h\u00fck\u00fcmetten \u00e7ekilme konusunu g\u00f6r\u00fc\u015fmek \u00fczere Parti Meclisi\u2019ni toplayacaklar\u0131n\u0131 bildirdi. Ba\u015fbakan \u00dcnal \u00dcstel taraf\u0131ndan Bay\u0131nd\u0131rl\u0131k ve Ula\u015ft\u0131rma Bakanl\u0131\u011f\u0131 g\u00f6revinden al\u0131nan Erhan Ar\u0131kl\u0131, karara ili\u015fkin a\u00e7\u0131klama yapt\u0131. \u201cBuraya kadarm\u0131\u015f\u2026\u201d ifadelerini [&hellip;]"}