{"version":"1.0","provider_name":"NETBAKIS","provider_url":"https:\/\/netbakis.net\/tr","title":"\u0130ngiltere Milletvekili Nesil \u00c7al\u0131\u015fkan'dan taziye mesaj\u0131: Ya\u015fanan facia derinden hissediliyor - NETBAKIS","type":"rich","width":600,"height":338,"html":"<blockquote class=\"wp-embedded-content\" data-secret=\"I6wSI1mPwn\"><a href=\"https:\/\/netbakis.net\/tr\/41603\/\">\u0130ngiltere Milletvekili Nesil \u00c7al\u0131\u015fkan&#8217;dan taziye mesaj\u0131: Ya\u015fanan facia derinden hissediliyor<\/a><\/blockquote><iframe sandbox=\"allow-scripts\" security=\"restricted\" src=\"https:\/\/netbakis.net\/tr\/41603\/embed\/#?secret=I6wSI1mPwn\" width=\"600\" height=\"338\" title=\"&#8220;\u0130ngiltere Milletvekili Nesil \u00c7al\u0131\u015fkan&#8217;dan taziye mesaj\u0131: Ya\u015fanan facia derinden hissediliyor&#8221; &#8212; NETBAKIS\" data-secret=\"I6wSI1mPwn\" frameborder=\"0\" marginwidth=\"0\" marginheight=\"0\" scrolling=\"no\" class=\"wp-embedded-content\"><\/iframe><script>\n\/*! This file is auto-generated *\/\n!function(d,l){\"use strict\";l.querySelector&&d.addEventListener&&\"undefined\"!=typeof URL&&(d.wp=d.wp||{},d.wp.receiveEmbedMessage||(d.wp.receiveEmbedMessage=function(e){var t=e.data;if((t||t.secret||t.message||t.value)&&!\/[^a-zA-Z0-9]\/.test(t.secret)){for(var s,r,n,a=l.querySelectorAll('iframe[data-secret=\"'+t.secret+'\"]'),o=l.querySelectorAll('blockquote[data-secret=\"'+t.secret+'\"]'),c=new RegExp(\"^https?:$\",\"i\"),i=0;i<o.length;i++)o[i].style.display=\"none\";for(i=0;i<a.length;i++)s=a[i],e.source===s.contentWindow&&(s.removeAttribute(\"style\"),\"height\"===t.message?(1e3<(r=parseInt(t.value,10))?r=1e3:~~r<200&&(r=200),s.height=r):\"link\"===t.message&&(r=new URL(s.getAttribute(\"src\")),n=new URL(t.value),c.test(n.protocol))&&n.host===r.host&&l.activeElement===s&&(d.top.location.href=t.value))}},d.addEventListener(\"message\",d.wp.receiveEmbedMessage,!1),l.addEventListener(\"DOMContentLoaded\",function(){for(var e,t,s=l.querySelectorAll(\"iframe.wp-embedded-content\"),r=0;r<s.length;r++)(t=(e=s[r]).getAttribute(\"data-secret\"))||(t=Math.random().toString(36).substring(2,12),e.src+=\"#?secret=\"+t,e.setAttribute(\"data-secret\",t)),e.contentWindow.postMessage({message:\"ready\",secret:t},\"*\")},!1)))}(window,document);\n\/\/# sourceURL=https:\/\/netbakis.net\/wp-includes\/js\/wp-embed.min.js\n<\/script>","thumbnail_url":"https:\/\/netbakis.net\/wp-content\/uploads\/2026\/08\/v2normalhaberboyutuablonsuzkopyaskopyaskopyaskopyaskopyaskopyas-2026-08-31t162558736-1788182784.webp","thumbnail_width":1280,"thumbnail_height":720,"description":"\u0130ngiltere\u2019de \u0130\u015f\u00e7i Partisi Milletvekili K\u0131br\u0131sl\u0131 T\u00fcrk Nesil \u00c7al\u0131\u015fkan, Girne a\u00e7\u0131klar\u0131nda meydana gelen gemi facias\u0131n\u0131n ard\u0131ndan hayat\u0131n\u0131 kaybedenlerin ailelerine ba\u015fsa\u011fl\u0131\u011f\u0131 diledi. \u00c7al\u0131\u015fkan, 259 ki\u015finin bulundu\u011fu feribotun alabora olmas\u0131 sonucu ya\u015fanan facian\u0131n \u0130ngiltere, K\u0131br\u0131s ve T\u00fcrkiye\u2019de derinden hissedilece\u011fini belirterek, hayat\u0131n\u0131 kaybeden, yaralanan, kay\u0131p olan ve olaydan etkilenen herkes i\u00e7in taziyelerini iletti. \u0130ngiltere\u2019de \u0130\u015f\u00e7i Partisi Milletvekili K\u0131br\u0131sl\u0131 T\u00fcrk [&hellip;]"}