{"version":"1.0","provider_name":"NETBAKIS","provider_url":"https:\/\/netbakis.net\/tr","title":"S\u0131la Usar \u0130ncirli: Facian\u0131n siyasi sorumlulu\u011fu da var, herkes hesap vermeli - NETBAKIS","type":"rich","width":600,"height":338,"html":"<blockquote class=\"wp-embedded-content\" data-secret=\"My0oNolgFp\"><a href=\"https:\/\/netbakis.net\/tr\/41600\/\">S\u0131la Usar \u0130ncirli: Facian\u0131n siyasi sorumlulu\u011fu da var, herkes hesap vermeli<\/a><\/blockquote><iframe sandbox=\"allow-scripts\" security=\"restricted\" src=\"https:\/\/netbakis.net\/tr\/41600\/embed\/#?secret=My0oNolgFp\" width=\"600\" height=\"338\" title=\"&#8220;S\u0131la Usar \u0130ncirli: Facian\u0131n siyasi sorumlulu\u011fu da var, herkes hesap vermeli&#8221; &#8212; NETBAKIS\" data-secret=\"My0oNolgFp\" frameborder=\"0\" marginwidth=\"0\" marginheight=\"0\" scrolling=\"no\" class=\"wp-embedded-content\"><\/iframe><script>\n\/*! This file is auto-generated *\/\n!function(d,l){\"use strict\";l.querySelector&&d.addEventListener&&\"undefined\"!=typeof URL&&(d.wp=d.wp||{},d.wp.receiveEmbedMessage||(d.wp.receiveEmbedMessage=function(e){var t=e.data;if((t||t.secret||t.message||t.value)&&!\/[^a-zA-Z0-9]\/.test(t.secret)){for(var s,r,n,a=l.querySelectorAll('iframe[data-secret=\"'+t.secret+'\"]'),o=l.querySelectorAll('blockquote[data-secret=\"'+t.secret+'\"]'),c=new RegExp(\"^https?:$\",\"i\"),i=0;i<o.length;i++)o[i].style.display=\"none\";for(i=0;i<a.length;i++)s=a[i],e.source===s.contentWindow&&(s.removeAttribute(\"style\"),\"height\"===t.message?(1e3<(r=parseInt(t.value,10))?r=1e3:~~r<200&&(r=200),s.height=r):\"link\"===t.message&&(r=new URL(s.getAttribute(\"src\")),n=new URL(t.value),c.test(n.protocol))&&n.host===r.host&&l.activeElement===s&&(d.top.location.href=t.value))}},d.addEventListener(\"message\",d.wp.receiveEmbedMessage,!1),l.addEventListener(\"DOMContentLoaded\",function(){for(var e,t,s=l.querySelectorAll(\"iframe.wp-embedded-content\"),r=0;r<s.length;r++)(t=(e=s[r]).getAttribute(\"data-secret\"))||(t=Math.random().toString(36).substring(2,12),e.src+=\"#?secret=\"+t,e.setAttribute(\"data-secret\",t)),e.contentWindow.postMessage({message:\"ready\",secret:t},\"*\")},!1)))}(window,document);\n\/\/# sourceURL=https:\/\/netbakis.net\/wp-includes\/js\/wp-embed.min.js\n<\/script>","thumbnail_url":"https:\/\/netbakis.net\/wp-content\/uploads\/2026\/08\/v2normalhaberboyutuablonsuzkopyaskopyaskopyaskopyaskopyaskopyas-2026-08-31t170416741_1788185073.webp","thumbnail_width":971,"thumbnail_height":551,"description":"CTP Genel Ba\u015fkan\u0131 S\u0131la Usar \u0130ncirli, Girne a\u00e7\u0131klar\u0131nda ya\u015fanan gemi facias\u0131n\u0131n ard\u0131ndan arama-kurtarma \u00e7al\u0131\u015fmalar\u0131n\u0131n kesintisiz s\u00fcrd\u00fcr\u00fclmesi gerekti\u011fini belirtti. Kamuoyunun zaman\u0131nda ve yeterli bilgilendirilmedi\u011fini savunan \u0130ncirli, olay\u0131n siyasi sorumlulu\u011funun da bulundu\u011funu ifade ederek t\u00fcm sorumlular\u0131n h\u0131zl\u0131, \u015feffaf ve g\u00fcvenilir \u015fekilde soru\u015fturulmas\u0131 ve hukuk \u00f6n\u00fcnde hesap vermesi \u00e7a\u011fr\u0131s\u0131nda bulundu. Cumhuriyet\u00e7i T\u00fcrk Partisi (CTP) Genel Ba\u015fkan\u0131 S\u0131la Usar [&hellip;]"}