{"version":"1.0","provider_name":"NETBAKIS","provider_url":"https:\/\/netbakis.net\/tr","title":"Alabora olan gemiye ilk yard\u0131ma gelen Gencer, yakla\u015f\u0131k 50 ki\u015fiyi tahliye etti: Denizin ortas\u0131nda can pazar\u0131 - NETBAKIS","type":"rich","width":600,"height":338,"html":"<blockquote class=\"wp-embedded-content\" data-secret=\"T1Lfvl2p09\"><a href=\"https:\/\/netbakis.net\/tr\/41549\/\">Alabora olan gemiye ilk yard\u0131ma gelen Gencer, yakla\u015f\u0131k 50 ki\u015fiyi tahliye etti: Denizin ortas\u0131nda can pazar\u0131<\/a><\/blockquote><iframe sandbox=\"allow-scripts\" security=\"restricted\" src=\"https:\/\/netbakis.net\/tr\/41549\/embed\/#?secret=T1Lfvl2p09\" width=\"600\" height=\"338\" title=\"&#8220;Alabora olan gemiye ilk yard\u0131ma gelen Gencer, yakla\u015f\u0131k 50 ki\u015fiyi tahliye etti: Denizin ortas\u0131nda can pazar\u0131&#8221; &#8212; NETBAKIS\" data-secret=\"T1Lfvl2p09\" frameborder=\"0\" marginwidth=\"0\" marginheight=\"0\" scrolling=\"no\" class=\"wp-embedded-content\"><\/iframe><script>\n\/*! This file is auto-generated *\/\n!function(d,l){\"use strict\";l.querySelector&&d.addEventListener&&\"undefined\"!=typeof URL&&(d.wp=d.wp||{},d.wp.receiveEmbedMessage||(d.wp.receiveEmbedMessage=function(e){var t=e.data;if((t||t.secret||t.message||t.value)&&!\/[^a-zA-Z0-9]\/.test(t.secret)){for(var s,r,n,a=l.querySelectorAll('iframe[data-secret=\"'+t.secret+'\"]'),o=l.querySelectorAll('blockquote[data-secret=\"'+t.secret+'\"]'),c=new RegExp(\"^https?:$\",\"i\"),i=0;i<o.length;i++)o[i].style.display=\"none\";for(i=0;i<a.length;i++)s=a[i],e.source===s.contentWindow&&(s.removeAttribute(\"style\"),\"height\"===t.message?(1e3<(r=parseInt(t.value,10))?r=1e3:~~r<200&&(r=200),s.height=r):\"link\"===t.message&&(r=new URL(s.getAttribute(\"src\")),n=new URL(t.value),c.test(n.protocol))&&n.host===r.host&&l.activeElement===s&&(d.top.location.href=t.value))}},d.addEventListener(\"message\",d.wp.receiveEmbedMessage,!1),l.addEventListener(\"DOMContentLoaded\",function(){for(var e,t,s=l.querySelectorAll(\"iframe.wp-embedded-content\"),r=0;r<s.length;r++)(t=(e=s[r]).getAttribute(\"data-secret\"))||(t=Math.random().toString(36).substring(2,12),e.src+=\"#?secret=\"+t,e.setAttribute(\"data-secret\",t)),e.contentWindow.postMessage({message:\"ready\",secret:t},\"*\")},!1)))}(window,document);\n\/\/# sourceURL=https:\/\/netbakis.net\/wp-includes\/js\/wp-embed.min.js\n<\/script>","thumbnail_url":"https:\/\/netbakis.net\/wp-content\/uploads\/2026\/08\/v2normalhaberboyutuablonsuzkopyaskopyaskopyaskopyaskopyaskopyas-2026-08-30t191534456_1788106549.webp","thumbnail_width":971,"thumbnail_height":551,"description":"Girne a\u00e7\u0131klar\u0131nda alabora olan Filo Jet\u2019in \u00e7evresinde bulunan yat i\u015fletmecisi F\u0131rat Gencer, olay\u0131n ard\u0131ndan kendi teknesiyle kurtarma \u00e7al\u0131\u015fmalar\u0131na kat\u0131ld\u0131\u011f\u0131n\u0131 ve yakla\u015f\u0131k 50 ki\u015fiyi teknesine alarak tahliye etti\u011fini s\u00f6yledi. Gencer, aralar\u0131nda bebek ve \u00e7ocuklar\u0131n da bulundu\u011fu \u00e7ok say\u0131da ki\u015fiyi kurtard\u0131\u011f\u0131n\u0131 belirterek, ya\u015fananlar\u0131 \u201cDenizin ortas\u0131nda can pazar\u0131\u201d s\u00f6zleriyle anlatt\u0131. Girne a\u00e7\u0131klar\u0131nda alabora olan yolcu gemisinin \u00e7evresinde bulunan [&hellip;]"}