{"version":"1.0","provider_name":"NETBAKIS","provider_url":"https:\/\/netbakis.net\/tr","title":"K\u0131br\u0131sl\u0131 T\u00fcrk Voleybolcu Sezgin \u015eeren\u2019den gurur verici ba\u015far\u0131: T\u00fcrkiye U15 K\u0131z Milli Tak\u0131m\u0131 Geli\u015fim Kamp\u0131\u2019na davet edildi - NETBAKIS","type":"rich","width":600,"height":338,"html":"<blockquote class=\"wp-embedded-content\" data-secret=\"dirqkJqBgL\"><a href=\"https:\/\/netbakis.net\/tr\/39503\/\">K\u0131br\u0131sl\u0131 T\u00fcrk Voleybolcu Sezgin \u015eeren\u2019den gurur verici ba\u015far\u0131: T\u00fcrkiye U15 K\u0131z Milli Tak\u0131m\u0131 Geli\u015fim Kamp\u0131\u2019na davet edildi<\/a><\/blockquote><iframe sandbox=\"allow-scripts\" security=\"restricted\" src=\"https:\/\/netbakis.net\/tr\/39503\/embed\/#?secret=dirqkJqBgL\" width=\"600\" height=\"338\" title=\"&#8220;K\u0131br\u0131sl\u0131 T\u00fcrk Voleybolcu Sezgin \u015eeren\u2019den gurur verici ba\u015far\u0131: T\u00fcrkiye U15 K\u0131z Milli Tak\u0131m\u0131 Geli\u015fim Kamp\u0131\u2019na davet edildi&#8221; &#8212; NETBAKIS\" data-secret=\"dirqkJqBgL\" frameborder=\"0\" marginwidth=\"0\" marginheight=\"0\" scrolling=\"no\" class=\"wp-embedded-content\"><\/iframe><script type=\"text\/javascript\">\n\/* <![CDATA[ *\/\n\/*! This file is auto-generated *\/\n!function(d,l){\"use strict\";l.querySelector&&d.addEventListener&&\"undefined\"!=typeof URL&&(d.wp=d.wp||{},d.wp.receiveEmbedMessage||(d.wp.receiveEmbedMessage=function(e){var t=e.data;if((t||t.secret||t.message||t.value)&&!\/[^a-zA-Z0-9]\/.test(t.secret)){for(var s,r,n,a=l.querySelectorAll('iframe[data-secret=\"'+t.secret+'\"]'),o=l.querySelectorAll('blockquote[data-secret=\"'+t.secret+'\"]'),c=new RegExp(\"^https?:$\",\"i\"),i=0;i<o.length;i++)o[i].style.display=\"none\";for(i=0;i<a.length;i++)s=a[i],e.source===s.contentWindow&&(s.removeAttribute(\"style\"),\"height\"===t.message?(1e3<(r=parseInt(t.value,10))?r=1e3:~~r<200&&(r=200),s.height=r):\"link\"===t.message&&(r=new URL(s.getAttribute(\"src\")),n=new URL(t.value),c.test(n.protocol))&&n.host===r.host&&l.activeElement===s&&(d.top.location.href=t.value))}},d.addEventListener(\"message\",d.wp.receiveEmbedMessage,!1),l.addEventListener(\"DOMContentLoaded\",function(){for(var e,t,s=l.querySelectorAll(\"iframe.wp-embedded-content\"),r=0;r<s.length;r++)(t=(e=s[r]).getAttribute(\"data-secret\"))||(t=Math.random().toString(36).substring(2,12),e.src+=\"#?secret=\"+t,e.setAttribute(\"data-secret\",t)),e.contentWindow.postMessage({message:\"ready\",secret:t},\"*\")},!1)))}(window,document);\n\/\/# sourceURL=https:\/\/netbakis.net\/wp-includes\/js\/wp-embed.min.js\n\/* ]]> *\/\n<\/script>","thumbnail_url":"https:\/\/netbakis.net\/wp-content\/uploads\/2026\/04\/v2adsztasarm3_1777554807.webp","thumbnail_width":971,"thumbnail_height":551,"description":"K\u0131br\u0131sl\u0131 T\u00fcrk Voleybolcu Sezgin \u015eeren, 10-13 May\u0131s tarihleri aras\u0131nda Ankara\u2019da d\u00fczenlenecek T\u00fcrkiye U15 K\u0131z Milli Tak\u0131m\u0131 Geli\u015fim Kamp\u0131\u2019na davet edildi. Erenk\u00f6y Karpaz Belediyesi Kul\u00fcb\u00fc sporcusu olan \u015eeren\u2019in milli tak\u0131m se\u00e7melerinde g\u00f6sterdi\u011fi performans sonras\u0131 kampa \u00e7a\u011fr\u0131ld\u0131\u011f\u0131 belirtildi. Erenk\u00f6y Karpaz Belediyesi Kul\u00fcb\u00fc sporcusu K\u0131br\u0131sl\u0131 T\u00fcrk Sezgin \u015eeren, T\u00fcrkiye U15 K\u0131z Milli Tak\u0131m\u0131 Geli\u015fim Kamp\u0131\u2019na davet edildi. 10-13 [&hellip;]"}