{"version":"1.0","provider_name":"NETBAKIS","provider_url":"https:\/\/netbakis.net\/tr","title":"Meclis\u2019te yasa g\u00fcc\u00fcnde kararname tart\u0131\u015fmas\u0131: Anayasa Mahkemesi karar\u0131n\u0131 tan\u0131mayan darbeci h\u00fck\u00fcmet! - NETBAKIS","type":"rich","width":600,"height":338,"html":"<blockquote class=\"wp-embedded-content\" data-secret=\"aBAUz6lf2n\"><a href=\"https:\/\/netbakis.net\/tr\/39420\/\">Meclis\u2019te yasa g\u00fcc\u00fcnde kararname tart\u0131\u015fmas\u0131: Anayasa Mahkemesi karar\u0131n\u0131 tan\u0131mayan darbeci h\u00fck\u00fcmet!<\/a><\/blockquote><iframe sandbox=\"allow-scripts\" security=\"restricted\" src=\"https:\/\/netbakis.net\/tr\/39420\/embed\/#?secret=aBAUz6lf2n\" width=\"600\" height=\"338\" title=\"&#8220;Meclis\u2019te yasa g\u00fcc\u00fcnde kararname tart\u0131\u015fmas\u0131: Anayasa Mahkemesi karar\u0131n\u0131 tan\u0131mayan darbeci h\u00fck\u00fcmet!&#8221; &#8212; NETBAKIS\" data-secret=\"aBAUz6lf2n\" frameborder=\"0\" marginwidth=\"0\" marginheight=\"0\" scrolling=\"no\" class=\"wp-embedded-content\"><\/iframe><script type=\"text\/javascript\">\n\/* <![CDATA[ *\/\n\/*! This file is auto-generated *\/\n!function(d,l){\"use strict\";l.querySelector&&d.addEventListener&&\"undefined\"!=typeof URL&&(d.wp=d.wp||{},d.wp.receiveEmbedMessage||(d.wp.receiveEmbedMessage=function(e){var t=e.data;if((t||t.secret||t.message||t.value)&&!\/[^a-zA-Z0-9]\/.test(t.secret)){for(var s,r,n,a=l.querySelectorAll('iframe[data-secret=\"'+t.secret+'\"]'),o=l.querySelectorAll('blockquote[data-secret=\"'+t.secret+'\"]'),c=new RegExp(\"^https?:$\",\"i\"),i=0;i<o.length;i++)o[i].style.display=\"none\";for(i=0;i<a.length;i++)s=a[i],e.source===s.contentWindow&&(s.removeAttribute(\"style\"),\"height\"===t.message?(1e3<(r=parseInt(t.value,10))?r=1e3:~~r<200&&(r=200),s.height=r):\"link\"===t.message&&(r=new URL(s.getAttribute(\"src\")),n=new URL(t.value),c.test(n.protocol))&&n.host===r.host&&l.activeElement===s&&(d.top.location.href=t.value))}},d.addEventListener(\"message\",d.wp.receiveEmbedMessage,!1),l.addEventListener(\"DOMContentLoaded\",function(){for(var e,t,s=l.querySelectorAll(\"iframe.wp-embedded-content\"),r=0;r<s.length;r++)(t=(e=s[r]).getAttribute(\"data-secret\"))||(t=Math.random().toString(36).substring(2,12),e.src+=\"#?secret=\"+t,e.setAttribute(\"data-secret\",t)),e.contentWindow.postMessage({message:\"ready\",secret:t},\"*\")},!1)))}(window,document);\n\/\/# sourceURL=https:\/\/netbakis.net\/wp-includes\/js\/wp-embed.min.js\n\/* ]]> *\/\n<\/script>","thumbnail_url":"https:\/\/netbakis.net\/wp-content\/uploads\/2025\/05\/v2yeniproje-2025-05-06t155738342_1746536289.webp","thumbnail_width":971,"thumbnail_height":551,"description":"CTP Milletvekili Devrim Bar\u00e7\u0131n, h\u00fck\u00fcmetin Anayasa Mahkemesi kararlar\u0131n\u0131 dikkate almad\u0131\u011f\u0131n\u0131 savunarak yasa g\u00fcc\u00fcnde kararnameleri ele\u015ftirdi. Maliye Bakan\u0131 \u00d6zdemir Berova ve \u00c7al\u0131\u015fma Bakan\u0131 O\u011fuzhan Hasipo\u011flu ise kararnamelerin s\u00fcreklili\u011fi sa\u011flamak amac\u0131yla \u00e7\u0131kar\u0131ld\u0131\u011f\u0131n\u0131 ve yeni yarg\u0131 yorumuna g\u00f6re s\u00fcre\u00e7lerin d\u00fczenlenece\u011fini a\u00e7\u0131klad\u0131. Meclis Genel Kurulu\u2019nda g\u00fcncel konu\u015fmalar yap\u0131l\u0131yor. Milletvekilleri, taksiciler ve yasa g\u00fcc\u00fcndeki kararnameler \u00fczerine s\u00f6z ald\u0131. Genel Kurul [&hellip;]"}