{"version":"1.0","provider_name":"NETBAKIS","provider_url":"https:\/\/netbakis.net\/tr","title":"Meclis'te taksi sekt\u00f6r\u00fc tart\u0131\u015fmas\u0131: Tarifelerde y\u00fczde 70 zam isteniyor, bu m\u00fcmk\u00fcn de\u011fil - NETBAKIS","type":"rich","width":600,"height":338,"html":"<blockquote class=\"wp-embedded-content\" data-secret=\"fRmmKWrkYY\"><a href=\"https:\/\/netbakis.net\/tr\/39418\/\">Meclis&#8217;te taksi sekt\u00f6r\u00fc tart\u0131\u015fmas\u0131: Tarifelerde y\u00fczde 70 zam isteniyor, bu m\u00fcmk\u00fcn de\u011fil<\/a><\/blockquote><iframe sandbox=\"allow-scripts\" security=\"restricted\" src=\"https:\/\/netbakis.net\/tr\/39418\/embed\/#?secret=fRmmKWrkYY\" width=\"600\" height=\"338\" title=\"&#8220;Meclis&#8217;te taksi sekt\u00f6r\u00fc tart\u0131\u015fmas\u0131: Tarifelerde y\u00fczde 70 zam isteniyor, bu m\u00fcmk\u00fcn de\u011fil&#8221; &#8212; NETBAKIS\" data-secret=\"fRmmKWrkYY\" frameborder=\"0\" marginwidth=\"0\" marginheight=\"0\" scrolling=\"no\" class=\"wp-embedded-content\"><\/iframe><script type=\"text\/javascript\">\n\/* <![CDATA[ *\/\n\/*! This file is auto-generated *\/\n!function(d,l){\"use strict\";l.querySelector&&d.addEventListener&&\"undefined\"!=typeof URL&&(d.wp=d.wp||{},d.wp.receiveEmbedMessage||(d.wp.receiveEmbedMessage=function(e){var t=e.data;if((t||t.secret||t.message||t.value)&&!\/[^a-zA-Z0-9]\/.test(t.secret)){for(var s,r,n,a=l.querySelectorAll('iframe[data-secret=\"'+t.secret+'\"]'),o=l.querySelectorAll('blockquote[data-secret=\"'+t.secret+'\"]'),c=new RegExp(\"^https?:$\",\"i\"),i=0;i<o.length;i++)o[i].style.display=\"none\";for(i=0;i<a.length;i++)s=a[i],e.source===s.contentWindow&&(s.removeAttribute(\"style\"),\"height\"===t.message?(1e3<(r=parseInt(t.value,10))?r=1e3:~~r<200&&(r=200),s.height=r):\"link\"===t.message&&(r=new URL(s.getAttribute(\"src\")),n=new URL(t.value),c.test(n.protocol))&&n.host===r.host&&l.activeElement===s&&(d.top.location.href=t.value))}},d.addEventListener(\"message\",d.wp.receiveEmbedMessage,!1),l.addEventListener(\"DOMContentLoaded\",function(){for(var e,t,s=l.querySelectorAll(\"iframe.wp-embedded-content\"),r=0;r<s.length;r++)(t=(e=s[r]).getAttribute(\"data-secret\"))||(t=Math.random().toString(36).substring(2,12),e.src+=\"#?secret=\"+t,e.setAttribute(\"data-secret\",t)),e.contentWindow.postMessage({message:\"ready\",secret:t},\"*\")},!1)))}(window,document);\n\/\/# sourceURL=https:\/\/netbakis.net\/wp-includes\/js\/wp-embed.min.js\n\/* ]]> *\/\n<\/script>","thumbnail_url":"https:\/\/netbakis.net\/wp-content\/uploads\/2021\/05\/erhan_arikli_akaryakitta_100_milyon_ile_300_milyon_tl_arasinda_vurgun_oldugu_iddia_ediliyor_h103468_174d1.jpg","thumbnail_width":707,"thumbnail_height":431,"description":"CTP Milletvekili Fikri Toros, taksi sekt\u00f6r\u00fcndeki yap\u0131sal sorunlar ve eylemlere dikkat \u00e7ekerek \u00e7\u00f6z\u00fcm \u00e7a\u011fr\u0131s\u0131 yapt\u0131. Bay\u0131nd\u0131rl\u0131k ve Ula\u015ft\u0131rma Bakan\u0131 Erhan Ar\u0131kl\u0131 ise tarifelerin zaten y\u00fcksek oldu\u011funu belirterek y\u00fczde 70 zam talebinin m\u00fcmk\u00fcn olmad\u0131\u011f\u0131n\u0131 s\u00f6yledi. Meclis Genel Kurulu\u2019nda g\u00fcncel konu\u015fmalar yap\u0131l\u0131yor. Milletvekilleri, taksiciler ve yasa g\u00fcc\u00fcndeki kararnameler \u00fczerine s\u00f6z ald\u0131. Genel Kurul onaya sunu\u015flarla ba\u015flad\u0131. \u0130lk [&hellip;]"}