{"version":"1.0","provider_name":"NETBAKIS","provider_url":"https:\/\/netbakis.net\/tr","title":"Ongun Talat: Haziran'da se\u00e7ime gidilmeli; Ekim'e ertelemek \"halka yap\u0131lacak en b\u00fcy\u00fck k\u00f6t\u00fcl\u00fck\" olur - NETBAKIS","type":"rich","width":600,"height":338,"html":"<blockquote class=\"wp-embedded-content\" data-secret=\"k2VEfmEP8E\"><a href=\"https:\/\/netbakis.net\/tr\/39412\/\">Ongun Talat: Haziran&#8217;da se\u00e7ime gidilmeli; Ekim&#8217;e ertelemek &#8220;halka yap\u0131lacak en b\u00fcy\u00fck k\u00f6t\u00fcl\u00fck&#8221; olur<\/a><\/blockquote><iframe sandbox=\"allow-scripts\" security=\"restricted\" src=\"https:\/\/netbakis.net\/tr\/39412\/embed\/#?secret=k2VEfmEP8E\" width=\"600\" height=\"338\" title=\"&#8220;Ongun Talat: Haziran&#8217;da se\u00e7ime gidilmeli; Ekim&#8217;e ertelemek &#8220;halka yap\u0131lacak en b\u00fcy\u00fck k\u00f6t\u00fcl\u00fck&#8221; olur&#8221; &#8212; NETBAKIS\" data-secret=\"k2VEfmEP8E\" frameborder=\"0\" marginwidth=\"0\" marginheight=\"0\" scrolling=\"no\" class=\"wp-embedded-content\"><\/iframe><script type=\"text\/javascript\">\n\/* <![CDATA[ *\/\n\/*! This file is auto-generated *\/\n!function(d,l){\"use strict\";l.querySelector&&d.addEventListener&&\"undefined\"!=typeof URL&&(d.wp=d.wp||{},d.wp.receiveEmbedMessage||(d.wp.receiveEmbedMessage=function(e){var t=e.data;if((t||t.secret||t.message||t.value)&&!\/[^a-zA-Z0-9]\/.test(t.secret)){for(var s,r,n,a=l.querySelectorAll('iframe[data-secret=\"'+t.secret+'\"]'),o=l.querySelectorAll('blockquote[data-secret=\"'+t.secret+'\"]'),c=new RegExp(\"^https?:$\",\"i\"),i=0;i<o.length;i++)o[i].style.display=\"none\";for(i=0;i<a.length;i++)s=a[i],e.source===s.contentWindow&&(s.removeAttribute(\"style\"),\"height\"===t.message?(1e3<(r=parseInt(t.value,10))?r=1e3:~~r<200&&(r=200),s.height=r):\"link\"===t.message&&(r=new URL(s.getAttribute(\"src\")),n=new URL(t.value),c.test(n.protocol))&&n.host===r.host&&l.activeElement===s&&(d.top.location.href=t.value))}},d.addEventListener(\"message\",d.wp.receiveEmbedMessage,!1),l.addEventListener(\"DOMContentLoaded\",function(){for(var e,t,s=l.querySelectorAll(\"iframe.wp-embedded-content\"),r=0;r<s.length;r++)(t=(e=s[r]).getAttribute(\"data-secret\"))||(t=Math.random().toString(36).substring(2,12),e.src+=\"#?secret=\"+t,e.setAttribute(\"data-secret\",t)),e.contentWindow.postMessage({message:\"ready\",secret:t},\"*\")},!1)))}(window,document);\n\/\/# sourceURL=https:\/\/netbakis.net\/wp-includes\/js\/wp-embed.min.js\n\/* ]]> *\/\n<\/script>","thumbnail_url":"https:\/\/netbakis.net\/wp-content\/uploads\/2026\/01\/v2adsz971x551piksel_1768315559.webp","thumbnail_width":971,"thumbnail_height":551,"description":"CTP Milletvekili Ongun Talat, erken se\u00e7imin haziran ay\u0131nda yap\u0131lmas\u0131 gerekti\u011fini belirterek ekime ertelenmesinin \u201chalka yap\u0131lacak en b\u00fcy\u00fck k\u00f6t\u00fcl\u00fck\u201d olaca\u011f\u0131n\u0131 savundu. \u0130\u00e7i\u015fleri Bakan\u0131 Dursun O\u011fuz ise h\u00fck\u00fcmetin tasarruf tedbirleri ald\u0131\u011f\u0131n\u0131 ve gelirleri art\u0131rmaya y\u00f6nelik \u00e7al\u0131\u015fmalar y\u00fcr\u00fctt\u00fc\u011f\u00fcn\u00fc ifade etti. Cumhuriyet Meclisi\u2019nde ekonomik tedbirler, tar\u0131m, erken se\u00e7im ve dijitalle\u015fme konu\u015fuldu. Ongun Talat Cumhuriyet\u00e7i T\u00fcrk Partisi (CTP) Milletvekili Ongun [&hellip;]"}