{"version":"1.0","provider_name":"NETBAKIS","provider_url":"https:\/\/netbakis.net\/tr","title":"Arda G\u00fcler sezonu kapatt\u0131: D\u00fcnya kupas\u0131na yeti\u015febilir - NETBAKIS","type":"rich","width":600,"height":338,"html":"<blockquote class=\"wp-embedded-content\" data-secret=\"2LmpbXqz3K\"><a href=\"https:\/\/netbakis.net\/tr\/39349\/\">Arda G\u00fcler sezonu kapatt\u0131: D\u00fcnya kupas\u0131na yeti\u015febilir<\/a><\/blockquote><iframe sandbox=\"allow-scripts\" security=\"restricted\" src=\"https:\/\/netbakis.net\/tr\/39349\/embed\/#?secret=2LmpbXqz3K\" width=\"600\" height=\"338\" title=\"&#8220;Arda G\u00fcler sezonu kapatt\u0131: D\u00fcnya kupas\u0131na yeti\u015febilir&#8221; &#8212; NETBAKIS\" data-secret=\"2LmpbXqz3K\" frameborder=\"0\" marginwidth=\"0\" marginheight=\"0\" scrolling=\"no\" class=\"wp-embedded-content\"><\/iframe><script type=\"text\/javascript\">\n\/* <![CDATA[ *\/\n\/*! This file is auto-generated *\/\n!function(d,l){\"use strict\";l.querySelector&&d.addEventListener&&\"undefined\"!=typeof URL&&(d.wp=d.wp||{},d.wp.receiveEmbedMessage||(d.wp.receiveEmbedMessage=function(e){var t=e.data;if((t||t.secret||t.message||t.value)&&!\/[^a-zA-Z0-9]\/.test(t.secret)){for(var s,r,n,a=l.querySelectorAll('iframe[data-secret=\"'+t.secret+'\"]'),o=l.querySelectorAll('blockquote[data-secret=\"'+t.secret+'\"]'),c=new RegExp(\"^https?:$\",\"i\"),i=0;i<o.length;i++)o[i].style.display=\"none\";for(i=0;i<a.length;i++)s=a[i],e.source===s.contentWindow&&(s.removeAttribute(\"style\"),\"height\"===t.message?(1e3<(r=parseInt(t.value,10))?r=1e3:~~r<200&&(r=200),s.height=r):\"link\"===t.message&&(r=new URL(s.getAttribute(\"src\")),n=new URL(t.value),c.test(n.protocol))&&n.host===r.host&&l.activeElement===s&&(d.top.location.href=t.value))}},d.addEventListener(\"message\",d.wp.receiveEmbedMessage,!1),l.addEventListener(\"DOMContentLoaded\",function(){for(var e,t,s=l.querySelectorAll(\"iframe.wp-embedded-content\"),r=0;r<s.length;r++)(t=(e=s[r]).getAttribute(\"data-secret\"))||(t=Math.random().toString(36).substring(2,12),e.src+=\"#?secret=\"+t,e.setAttribute(\"data-secret\",t)),e.contentWindow.postMessage({message:\"ready\",secret:t},\"*\")},!1)))}(window,document);\n\/\/# sourceURL=https:\/\/netbakis.net\/wp-includes\/js\/wp-embed.min.js\n\/* ]]> *\/\n<\/script>","thumbnail_url":"https:\/\/netbakis.net\/wp-content\/uploads\/2026\/04\/v2ardagler_1716315424.webp","thumbnail_width":971,"thumbnail_height":551,"description":"Real Madrid, Arda G\u00fcler\u2019in sa\u011f arka adalesinde zedelenme tespit edildi\u011fini a\u00e7\u0131klad\u0131. \u0130spanyol bas\u0131n\u0131 gen\u00e7 oyuncunun sezonu kapatt\u0131\u011f\u0131n\u0131 ama d\u00fcnya kupas\u0131na yeti\u015fme ihtimalinin oldu\u011funu yazd\u0131. Real Madrid, Arda G\u00fcler\u2019in sa\u011f arka adalesinde zedelenme tespit edildi\u011fini duyurdu. Real Madrid, milli futbolcu Arda G\u00fcler\u2019in sakatl\u0131\u011f\u0131na ili\u015fkin resmi a\u00e7\u0131klama yapt\u0131. \u0130spanyol kul\u00fcb\u00fcnden yap\u0131lan a\u00e7\u0131klamada, &#8220;Bug\u00fcn oyuncumuz Arda G\u00fcler\u2019e Real [&hellip;]"}