{"version":"1.0","provider_name":"NETBAKIS","provider_url":"https:\/\/netbakis.net\/tr","title":"\u015eenkul\u2019dan Sava\u015fan\u2019a yan\u0131t: G\u00f6rd\u00fc\u011f\u00fcn\u00fcz gibi Salahi ve Devrim ile \u00e7ok fena kavgal\u0131y\u0131z, hi\u00e7 konu\u015fmuyoruz - NETBAKIS","type":"rich","width":600,"height":338,"html":"<blockquote class=\"wp-embedded-content\" data-secret=\"uefEbpMAUz\"><a href=\"https:\/\/netbakis.net\/tr\/39344\/\">\u015eenkul\u2019dan Sava\u015fan\u2019a yan\u0131t: G\u00f6rd\u00fc\u011f\u00fcn\u00fcz gibi Salahi ve Devrim ile \u00e7ok fena kavgal\u0131y\u0131z, hi\u00e7 konu\u015fmuyoruz<\/a><\/blockquote><iframe sandbox=\"allow-scripts\" security=\"restricted\" src=\"https:\/\/netbakis.net\/tr\/39344\/embed\/#?secret=uefEbpMAUz\" width=\"600\" height=\"338\" title=\"&#8220;\u015eenkul\u2019dan Sava\u015fan\u2019a yan\u0131t: G\u00f6rd\u00fc\u011f\u00fcn\u00fcz gibi Salahi ve Devrim ile \u00e7ok fena kavgal\u0131y\u0131z, hi\u00e7 konu\u015fmuyoruz&#8221; &#8212; NETBAKIS\" data-secret=\"uefEbpMAUz\" frameborder=\"0\" marginwidth=\"0\" marginheight=\"0\" scrolling=\"no\" class=\"wp-embedded-content\"><\/iframe><script type=\"text\/javascript\">\n\/* <![CDATA[ *\/\n\/*! This file is auto-generated *\/\n!function(d,l){\"use strict\";l.querySelector&&d.addEventListener&&\"undefined\"!=typeof URL&&(d.wp=d.wp||{},d.wp.receiveEmbedMessage||(d.wp.receiveEmbedMessage=function(e){var t=e.data;if((t||t.secret||t.message||t.value)&&!\/[^a-zA-Z0-9]\/.test(t.secret)){for(var s,r,n,a=l.querySelectorAll('iframe[data-secret=\"'+t.secret+'\"]'),o=l.querySelectorAll('blockquote[data-secret=\"'+t.secret+'\"]'),c=new RegExp(\"^https?:$\",\"i\"),i=0;i<o.length;i++)o[i].style.display=\"none\";for(i=0;i<a.length;i++)s=a[i],e.source===s.contentWindow&&(s.removeAttribute(\"style\"),\"height\"===t.message?(1e3<(r=parseInt(t.value,10))?r=1e3:~~r<200&&(r=200),s.height=r):\"link\"===t.message&&(r=new URL(s.getAttribute(\"src\")),n=new URL(t.value),c.test(n.protocol))&&n.host===r.host&&l.activeElement===s&&(d.top.location.href=t.value))}},d.addEventListener(\"message\",d.wp.receiveEmbedMessage,!1),l.addEventListener(\"DOMContentLoaded\",function(){for(var e,t,s=l.querySelectorAll(\"iframe.wp-embedded-content\"),r=0;r<s.length;r++)(t=(e=s[r]).getAttribute(\"data-secret\"))||(t=Math.random().toString(36).substring(2,12),e.src+=\"#?secret=\"+t,e.setAttribute(\"data-secret\",t)),e.contentWindow.postMessage({message:\"ready\",secret:t},\"*\")},!1)))}(window,document);\n\/\/# sourceURL=https:\/\/netbakis.net\/wp-includes\/js\/wp-embed.min.js\n\/* ]]> *\/\n<\/script>","description":"Girne Belediye Ba\u015fkan\u0131 Murat \u015eenkul, UBP Genel Sekreteri Ahmet Sava\u015fan\u2019\u0131n CTP\u2019ye y\u00f6nelik \u201c\u0130ktidarda olmamalar\u0131na ra\u011fmen kendi i\u00e7lerinde ciddi farkl\u0131l\u0131klar var. \u015eenkul, Bar\u00e7\u0131n ve \u015eahiner\u2019in herkesin g\u00f6z\u00fc \u00f6n\u00fcnde farkl\u0131 davran\u0131\u015flar\u0131 ortadad\u0131r\u201d a\u00e7\u0131klamas\u0131na yan\u0131t verdi. \u015eenkul, CTP Milletvekili Salahi \u015eahiner ile mesajla\u015fmas\u0131n\u0131 payla\u015farak ele\u015ftirilere &#8220;Fotoda da g\u00f6rd\u00fc\u011f\u00fcn\u00fcz gibi Salahi ve Devrim ile \u00e7ok fena kavgal\u0131y\u0131z, hi\u00e7 konu\u015fmuyoruz&#8221; [&hellip;]","thumbnail_url":"https:\/\/www.kibrispostasi.com\/upload\/news\/v\/v2\/v2normalhaberboyutuablonsuzkopyaskopyaskopyaskopyaskopyaskopyas-2026-04-22t113151935_1776846796.jpg"}