{"version":"1.0","provider_name":"NETBAKIS","provider_url":"https:\/\/netbakis.net\/tr","title":"K\u0131br\u0131s, g\u00f6\u00e7 ve m\u00fclteci y\u00fck\u00fcnde n\u00fcfusa oranla Avrupa'da ikinci s\u0131rada! - NETBAKIS","type":"rich","width":600,"height":338,"html":"<blockquote class=\"wp-embedded-content\" data-secret=\"WJHZQFhvIp\"><a href=\"https:\/\/netbakis.net\/tr\/39334\/\">K\u0131br\u0131s, g\u00f6\u00e7 ve m\u00fclteci y\u00fck\u00fcnde n\u00fcfusa oranla Avrupa&#8217;da ikinci s\u0131rada!<\/a><\/blockquote><iframe sandbox=\"allow-scripts\" security=\"restricted\" src=\"https:\/\/netbakis.net\/tr\/39334\/embed\/#?secret=WJHZQFhvIp\" width=\"600\" height=\"338\" title=\"&#8220;K\u0131br\u0131s, g\u00f6\u00e7 ve m\u00fclteci y\u00fck\u00fcnde n\u00fcfusa oranla Avrupa&#8217;da ikinci s\u0131rada!&#8221; &#8212; NETBAKIS\" data-secret=\"WJHZQFhvIp\" frameborder=\"0\" marginwidth=\"0\" marginheight=\"0\" scrolling=\"no\" class=\"wp-embedded-content\"><\/iframe><script type=\"text\/javascript\">\n\/* <![CDATA[ *\/\n\/*! This file is auto-generated *\/\n!function(d,l){\"use strict\";l.querySelector&&d.addEventListener&&\"undefined\"!=typeof URL&&(d.wp=d.wp||{},d.wp.receiveEmbedMessage||(d.wp.receiveEmbedMessage=function(e){var t=e.data;if((t||t.secret||t.message||t.value)&&!\/[^a-zA-Z0-9]\/.test(t.secret)){for(var s,r,n,a=l.querySelectorAll('iframe[data-secret=\"'+t.secret+'\"]'),o=l.querySelectorAll('blockquote[data-secret=\"'+t.secret+'\"]'),c=new RegExp(\"^https?:$\",\"i\"),i=0;i<o.length;i++)o[i].style.display=\"none\";for(i=0;i<a.length;i++)s=a[i],e.source===s.contentWindow&&(s.removeAttribute(\"style\"),\"height\"===t.message?(1e3<(r=parseInt(t.value,10))?r=1e3:~~r<200&&(r=200),s.height=r):\"link\"===t.message&&(r=new URL(s.getAttribute(\"src\")),n=new URL(t.value),c.test(n.protocol))&&n.host===r.host&&l.activeElement===s&&(d.top.location.href=t.value))}},d.addEventListener(\"message\",d.wp.receiveEmbedMessage,!1),l.addEventListener(\"DOMContentLoaded\",function(){for(var e,t,s=l.querySelectorAll(\"iframe.wp-embedded-content\"),r=0;r<s.length;r++)(t=(e=s[r]).getAttribute(\"data-secret\"))||(t=Math.random().toString(36).substring(2,12),e.src+=\"#?secret=\"+t,e.setAttribute(\"data-secret\",t)),e.contentWindow.postMessage({message:\"ready\",secret:t},\"*\")},!1)))}(window,document);\n\/\/# sourceURL=https:\/\/netbakis.net\/wp-includes\/js\/wp-embed.min.js\n\/* ]]> *\/\n<\/script>","thumbnail_url":"https:\/\/netbakis.net\/wp-content\/uploads\/2023\/03\/duzensiz-gocmen-aa-1984033-750x375-1.jpg","thumbnail_width":750,"thumbnail_height":375,"description":"Avrupa Birli\u011fi\u2019nde g\u00f6\u00e7men say\u0131s\u0131 64,2 milyona ula\u015f\u0131rken, K\u0131br\u0131s y\u00fczde 28\u2019lik g\u00f6\u00e7men oran\u0131 ve y\u00fczde 4,8\u2019lik m\u00fclteci pay\u0131yla n\u00fcfusa g\u00f6re en y\u00fcksek bask\u0131y\u0131 ya\u015fayan \u00fclkeler aras\u0131nda yer ald\u0131. Avrupa Birli\u011fi\u2019nde ya\u015fayan g\u00f6\u00e7menlerin say\u0131s\u0131 2025\u2019te rekor seviyeye \u00e7\u0131karak 64,2 milyona ula\u015ft\u0131. Rockwool Foundation\u2019a ba\u011fl\u0131 G\u00f6\u00e7 Ara\u015ft\u0131rma ve Analiz Merkezi taraf\u0131ndan yay\u0131mlanan \u201cThe Immigrant Population in the European [&hellip;]"}