{"version":"1.0","provider_name":"NETBAKIS","provider_url":"https:\/\/netbakis.net\/tr","title":"O\u011fuz: Gazima\u011fusa'n\u0131n gelir-gider dengesi reformla d\u00fczeltildi; su satarak belediye ba\u015fkanl\u0131\u011f\u0131 yap\u0131lmaz - NETBAKIS","type":"rich","width":600,"height":338,"html":"<blockquote class=\"wp-embedded-content\" data-secret=\"ZVtwkNsTTx\"><a href=\"https:\/\/netbakis.net\/tr\/39299\/\">O\u011fuz: Gazima\u011fusa&#8217;n\u0131n gelir-gider dengesi reformla d\u00fczeltildi; su satarak belediye ba\u015fkanl\u0131\u011f\u0131 yap\u0131lmaz<\/a><\/blockquote><iframe sandbox=\"allow-scripts\" security=\"restricted\" src=\"https:\/\/netbakis.net\/tr\/39299\/embed\/#?secret=ZVtwkNsTTx\" width=\"600\" height=\"338\" title=\"&#8220;O\u011fuz: Gazima\u011fusa&#8217;n\u0131n gelir-gider dengesi reformla d\u00fczeltildi; su satarak belediye ba\u015fkanl\u0131\u011f\u0131 yap\u0131lmaz&#8221; &#8212; NETBAKIS\" data-secret=\"ZVtwkNsTTx\" frameborder=\"0\" marginwidth=\"0\" marginheight=\"0\" scrolling=\"no\" class=\"wp-embedded-content\"><\/iframe><script type=\"text\/javascript\">\n\/* <![CDATA[ *\/\n\/*! This file is auto-generated *\/\n!function(d,l){\"use strict\";l.querySelector&&d.addEventListener&&\"undefined\"!=typeof URL&&(d.wp=d.wp||{},d.wp.receiveEmbedMessage||(d.wp.receiveEmbedMessage=function(e){var t=e.data;if((t||t.secret||t.message||t.value)&&!\/[^a-zA-Z0-9]\/.test(t.secret)){for(var s,r,n,a=l.querySelectorAll('iframe[data-secret=\"'+t.secret+'\"]'),o=l.querySelectorAll('blockquote[data-secret=\"'+t.secret+'\"]'),c=new RegExp(\"^https?:$\",\"i\"),i=0;i<o.length;i++)o[i].style.display=\"none\";for(i=0;i<a.length;i++)s=a[i],e.source===s.contentWindow&&(s.removeAttribute(\"style\"),\"height\"===t.message?(1e3<(r=parseInt(t.value,10))?r=1e3:~~r<200&&(r=200),s.height=r):\"link\"===t.message&&(r=new URL(s.getAttribute(\"src\")),n=new URL(t.value),c.test(n.protocol))&&n.host===r.host&&l.activeElement===s&&(d.top.location.href=t.value))}},d.addEventListener(\"message\",d.wp.receiveEmbedMessage,!1),l.addEventListener(\"DOMContentLoaded\",function(){for(var e,t,s=l.querySelectorAll(\"iframe.wp-embedded-content\"),r=0;r<s.length;r++)(t=(e=s[r]).getAttribute(\"data-secret\"))||(t=Math.random().toString(36).substring(2,12),e.src+=\"#?secret=\"+t,e.setAttribute(\"data-secret\",t)),e.contentWindow.postMessage({message:\"ready\",secret:t},\"*\")},!1)))}(window,document);\n\/\/# sourceURL=https:\/\/netbakis.net\/wp-includes\/js\/wp-embed.min.js\n\/* ]]> *\/\n<\/script>","thumbnail_url":"https:\/\/netbakis.net\/wp-content\/uploads\/2021\/05\/yeniproje-2021-02-14t164753898_1613314100.jpg","thumbnail_width":971,"thumbnail_height":551,"description":"CTP Milletvekili Devrim Bar\u00e7\u0131n, CTP\u2019nin \u201cbat\u0131r\u0131lm\u0131\u015f bir kurumdaki\u201d ekonomik y\u00f6netimine \u00f6rnek olarak Ma\u011fusa Belediyesi\u2019ni g\u00f6stererek ele\u015ftirilerde bulundu. \u0130\u00e7i\u015fleri Bakan\u0131 Dursun O\u011fuz ise iddialara yan\u0131t vererek, Ma\u011fusa Belediyesi\u2019nin bat\u0131r\u0131lmas\u0131 konusunda yasal mevzuata ayk\u0131r\u0131l\u0131k olup olmad\u0131\u011f\u0131n\u0131n sorgulanmas\u0131 gerekti\u011fini, b\u00f6yle bir durum yoksa su\u00e7 isnat edilmemesi gerekti\u011fini s\u00f6yledi. O\u011fuz ayr\u0131ca \u201cSu satarak belediye ba\u015fkanl\u0131\u011f\u0131 yap\u0131lmaz\u201d dedi. Meclis Genel [&hellip;]"}