{"version":"1.0","provider_name":"NETBAKIS","provider_url":"https:\/\/netbakis.net\/tr","title":"Hakan Fidan, \u0130ranl\u0131 mevkida\u015f\u0131 ile g\u00f6r\u00fc\u015ft\u00fc: T\u00fcrk hava sahas\u0131n\u0131n ihlali kabul edilemez - NETBAKIS","type":"rich","width":600,"height":338,"html":"<blockquote class=\"wp-embedded-content\" data-secret=\"kTEkBBcHPO\"><a href=\"https:\/\/netbakis.net\/tr\/38342\/\">Hakan Fidan, \u0130ranl\u0131 mevkida\u015f\u0131 ile g\u00f6r\u00fc\u015ft\u00fc: T\u00fcrk hava sahas\u0131n\u0131n ihlali kabul edilemez<\/a><\/blockquote><iframe sandbox=\"allow-scripts\" security=\"restricted\" src=\"https:\/\/netbakis.net\/tr\/38342\/embed\/#?secret=kTEkBBcHPO\" width=\"600\" height=\"338\" title=\"&#8220;Hakan Fidan, \u0130ranl\u0131 mevkida\u015f\u0131 ile g\u00f6r\u00fc\u015ft\u00fc: T\u00fcrk hava sahas\u0131n\u0131n ihlali kabul edilemez&#8221; &#8212; NETBAKIS\" data-secret=\"kTEkBBcHPO\" frameborder=\"0\" marginwidth=\"0\" marginheight=\"0\" scrolling=\"no\" class=\"wp-embedded-content\"><\/iframe><script type=\"text\/javascript\">\n\/* <![CDATA[ *\/\n\/*! This file is auto-generated *\/\n!function(d,l){\"use strict\";l.querySelector&&d.addEventListener&&\"undefined\"!=typeof URL&&(d.wp=d.wp||{},d.wp.receiveEmbedMessage||(d.wp.receiveEmbedMessage=function(e){var t=e.data;if((t||t.secret||t.message||t.value)&&!\/[^a-zA-Z0-9]\/.test(t.secret)){for(var s,r,n,a=l.querySelectorAll('iframe[data-secret=\"'+t.secret+'\"]'),o=l.querySelectorAll('blockquote[data-secret=\"'+t.secret+'\"]'),c=new RegExp(\"^https?:$\",\"i\"),i=0;i<o.length;i++)o[i].style.display=\"none\";for(i=0;i<a.length;i++)s=a[i],e.source===s.contentWindow&&(s.removeAttribute(\"style\"),\"height\"===t.message?(1e3<(r=parseInt(t.value,10))?r=1e3:~~r<200&&(r=200),s.height=r):\"link\"===t.message&&(r=new URL(s.getAttribute(\"src\")),n=new URL(t.value),c.test(n.protocol))&&n.host===r.host&&l.activeElement===s&&(d.top.location.href=t.value))}},d.addEventListener(\"message\",d.wp.receiveEmbedMessage,!1),l.addEventListener(\"DOMContentLoaded\",function(){for(var e,t,s=l.querySelectorAll(\"iframe.wp-embedded-content\"),r=0;r<s.length;r++)(t=(e=s[r]).getAttribute(\"data-secret\"))||(t=Math.random().toString(36).substring(2,12),e.src+=\"#?secret=\"+t,e.setAttribute(\"data-secret\",t)),e.contentWindow.postMessage({message:\"ready\",secret:t},\"*\")},!1)))}(window,document);\n\/\/# sourceURL=https:\/\/netbakis.net\/wp-includes\/js\/wp-embed.min.js\n\/* ]]> *\/\n<\/script>","thumbnail_url":"https:\/\/netbakis.net\/wp-content\/uploads\/2024\/03\/hakan-fidan-aa-2108073.webp","thumbnail_width":1280,"thumbnail_height":720,"description":"T\u00fcrkiye D\u0131\u015fi\u015fleri Bakan\u0131 Hakan Fidan, \u0130ranl\u0131 mevkida\u015f\u0131 Abbas Erak\u00e7i ile telefon g\u00f6r\u00fc\u015fmesinde T\u00fcrk hava sahas\u0131n\u0131n ihlal edilmesinin kabul edilemez oldu\u011funu belirterek T\u00fcrkiye\u2019nin gerekli t\u00fcm tedbirleri almaya devam edece\u011fini s\u00f6yledi. \u0130ran taraf\u0131 ise hava sahas\u0131na y\u00f6nelen f\u00fczelerin \u0130ran kaynakl\u0131 olmad\u0131\u011f\u0131n\u0131 bildirdi. T\u00fcrkiye D\u0131\u015fi\u015fleri Bakan\u0131 Hakan&nbsp;Fidan, \u0130ran D\u0131\u015fi\u015fleri Bakan\u0131 Abbas Erak\u00e7i ile yapt\u0131\u011f\u0131 telefon g\u00f6r\u00fc\u015fmesinde, T\u00fcrk hava [&hellip;]"}