{"version":"1.0","provider_name":"NETBAKIS","provider_url":"https:\/\/netbakis.net\/tr","title":"Recep Tayyip Erdo\u011fan: Biz sulhun taraf\u0131nday\u0131z, sava\u015f\u0131 durdurmak i\u00e7in \u00e7al\u0131\u015f\u0131yoruz - NETBAKIS","type":"rich","width":600,"height":338,"html":"<blockquote class=\"wp-embedded-content\" data-secret=\"oKVNVOdaoc\"><a href=\"https:\/\/netbakis.net\/tr\/38144\/\">Recep Tayyip Erdo\u011fan: Biz sulhun taraf\u0131nday\u0131z, sava\u015f\u0131 durdurmak i\u00e7in \u00e7al\u0131\u015f\u0131yoruz<\/a><\/blockquote><iframe sandbox=\"allow-scripts\" security=\"restricted\" src=\"https:\/\/netbakis.net\/tr\/38144\/embed\/#?secret=oKVNVOdaoc\" width=\"600\" height=\"338\" title=\"&#8220;Recep Tayyip Erdo\u011fan: Biz sulhun taraf\u0131nday\u0131z, sava\u015f\u0131 durdurmak i\u00e7in \u00e7al\u0131\u015f\u0131yoruz&#8221; &#8212; NETBAKIS\" data-secret=\"oKVNVOdaoc\" frameborder=\"0\" marginwidth=\"0\" marginheight=\"0\" scrolling=\"no\" class=\"wp-embedded-content\"><\/iframe><script type=\"text\/javascript\">\n\/* <![CDATA[ *\/\n\/*! This file is auto-generated *\/\n!function(d,l){\"use strict\";l.querySelector&&d.addEventListener&&\"undefined\"!=typeof URL&&(d.wp=d.wp||{},d.wp.receiveEmbedMessage||(d.wp.receiveEmbedMessage=function(e){var t=e.data;if((t||t.secret||t.message||t.value)&&!\/[^a-zA-Z0-9]\/.test(t.secret)){for(var s,r,n,a=l.querySelectorAll('iframe[data-secret=\"'+t.secret+'\"]'),o=l.querySelectorAll('blockquote[data-secret=\"'+t.secret+'\"]'),c=new RegExp(\"^https?:$\",\"i\"),i=0;i<o.length;i++)o[i].style.display=\"none\";for(i=0;i<a.length;i++)s=a[i],e.source===s.contentWindow&&(s.removeAttribute(\"style\"),\"height\"===t.message?(1e3<(r=parseInt(t.value,10))?r=1e3:~~r<200&&(r=200),s.height=r):\"link\"===t.message&&(r=new URL(s.getAttribute(\"src\")),n=new URL(t.value),c.test(n.protocol))&&n.host===r.host&&l.activeElement===s&&(d.top.location.href=t.value))}},d.addEventListener(\"message\",d.wp.receiveEmbedMessage,!1),l.addEventListener(\"DOMContentLoaded\",function(){for(var e,t,s=l.querySelectorAll(\"iframe.wp-embedded-content\"),r=0;r<s.length;r++)(t=(e=s[r]).getAttribute(\"data-secret\"))||(t=Math.random().toString(36).substring(2,12),e.src+=\"#?secret=\"+t,e.setAttribute(\"data-secret\",t)),e.contentWindow.postMessage({message:\"ready\",secret:t},\"*\")},!1)))}(window,document);\n\/\/# sourceURL=https:\/\/netbakis.net\/wp-includes\/js\/wp-embed.min.js\n\/* ]]> *\/\n<\/script>","thumbnail_url":"https:\/\/netbakis.net\/wp-content\/uploads\/2026\/03\/v2yeniproje13_1772473862.webp","thumbnail_width":971,"thumbnail_height":551,"description":"T\u00fcrkiye Cumhuriyeti Cumhurba\u015fkan\u0131 Erdo\u011fan, &#8220;Biz sulhun taraf\u0131nday\u0131z, kan akmas\u0131n, g\u00f6zya\u015flar\u0131 dinsin, b\u00f6lgemiz art\u0131k y\u0131llard\u0131r hasretini \u00e7ekti\u011fi kal\u0131c\u0131 huzura kavu\u015fsun istiyoruz&#8221; dedi. T\u00fcrkiye Cumhuriyeti Cumhurba\u015fkan\u0131 Recep Tayyip Erdo\u011fan, AK Parti Te\u015fkilat\u0131 ile \u0130ftar program\u0131nda konu\u015ftu. Cumhurba\u015fkan\u0131 Erdo\u011fan&#8217;\u0131n konu\u015fmas\u0131ndan \u00f6ne \u00e7\u0131kanlar \u015fu \u015fekilde: &#8220;B\u00f6yle m\u00fcbarek bir ak\u015famda, b\u00f6ylesine g\u00fczel bir atmosferde sizlerle beraber olmaktan duydu\u011fum memnuniyeti \u00f6zellikle [&hellip;]"}