{"version":"1.0","provider_name":"NETBAKIS","provider_url":"https:\/\/netbakis.net\/tr","title":"Erdo\u011fan-Mi\u00e7otakis g\u00f6r\u00fc\u015fmesi: Ege ve Do\u011fu Akdeniz'de tutumlar\u0131m\u0131z\u0131 samimi \u015fekilde ele ald\u0131k - NETBAKIS","type":"rich","width":600,"height":338,"html":"<blockquote class=\"wp-embedded-content\" data-secret=\"twAPkoCDfR\"><a href=\"https:\/\/netbakis.net\/tr\/37432\/\">Erdo\u011fan-Mi\u00e7otakis g\u00f6r\u00fc\u015fmesi: Ege ve Do\u011fu Akdeniz&#8217;de tutumlar\u0131m\u0131z\u0131 samimi \u015fekilde ele ald\u0131k<\/a><\/blockquote><iframe sandbox=\"allow-scripts\" security=\"restricted\" src=\"https:\/\/netbakis.net\/tr\/37432\/embed\/#?secret=twAPkoCDfR\" width=\"600\" height=\"338\" title=\"&#8220;Erdo\u011fan-Mi\u00e7otakis g\u00f6r\u00fc\u015fmesi: Ege ve Do\u011fu Akdeniz&#8217;de tutumlar\u0131m\u0131z\u0131 samimi \u015fekilde ele ald\u0131k&#8221; &#8212; NETBAKIS\" data-secret=\"twAPkoCDfR\" frameborder=\"0\" marginwidth=\"0\" marginheight=\"0\" scrolling=\"no\" class=\"wp-embedded-content\"><\/iframe><script type=\"text\/javascript\">\n\/* <![CDATA[ *\/\n\/*! This file is auto-generated *\/\n!function(d,l){\"use strict\";l.querySelector&&d.addEventListener&&\"undefined\"!=typeof URL&&(d.wp=d.wp||{},d.wp.receiveEmbedMessage||(d.wp.receiveEmbedMessage=function(e){var t=e.data;if((t||t.secret||t.message||t.value)&&!\/[^a-zA-Z0-9]\/.test(t.secret)){for(var s,r,n,a=l.querySelectorAll('iframe[data-secret=\"'+t.secret+'\"]'),o=l.querySelectorAll('blockquote[data-secret=\"'+t.secret+'\"]'),c=new RegExp(\"^https?:$\",\"i\"),i=0;i<o.length;i++)o[i].style.display=\"none\";for(i=0;i<a.length;i++)s=a[i],e.source===s.contentWindow&&(s.removeAttribute(\"style\"),\"height\"===t.message?(1e3<(r=parseInt(t.value,10))?r=1e3:~~r<200&&(r=200),s.height=r):\"link\"===t.message&&(r=new URL(s.getAttribute(\"src\")),n=new URL(t.value),c.test(n.protocol))&&n.host===r.host&&l.activeElement===s&&(d.top.location.href=t.value))}},d.addEventListener(\"message\",d.wp.receiveEmbedMessage,!1),l.addEventListener(\"DOMContentLoaded\",function(){for(var e,t,s=l.querySelectorAll(\"iframe.wp-embedded-content\"),r=0;r<s.length;r++)(t=(e=s[r]).getAttribute(\"data-secret\"))||(t=Math.random().toString(36).substring(2,12),e.src+=\"#?secret=\"+t,e.setAttribute(\"data-secret\",t)),e.contentWindow.postMessage({message:\"ready\",secret:t},\"*\")},!1)))}(window,document);\n\/\/# sourceURL=https:\/\/netbakis.net\/wp-includes\/js\/wp-embed.min.js\n\/* ]]> *\/\n<\/script>","thumbnail_url":"https:\/\/netbakis.net\/wp-content\/uploads\/2026\/02\/v2yeniproje-2024-05-13t180123894_1715612499.webp","thumbnail_width":971,"thumbnail_height":551,"description":"T\u00fcrkiye Cumhuriyeti Cumhurba\u015fkan\u0131 Recep Tayyip Erdo\u011fan, Yunanistan Ba\u015fbakan\u0131 Kiryakos Mi\u00e7otakis ile ortak bir bas\u0131n toplant\u0131s\u0131 d\u00fczenledi. T\u00fcrkiye ile Yunanistan aras\u0131nda yat\u0131r\u0131m, deniz ticareti, ekonomik i\u015fbirli\u011fi, deprem, k\u00fclt\u00fcr, bilim ve teknoloji alan\u0131nda anla\u015fmalar imzaland\u0131. Cumhurba\u015fkan\u0131 Recep Tayyip Erdo\u011fan ve Yunanistan Ba\u015fbakan\u0131 Kiryakos Mi\u00e7otakis, ikili g\u00f6r\u00fc\u015fmenin ard\u0131ndan T\u00fcrkiye-Yunanistan 6. Y\u00fcksek D\u00fczeyli \u0130\u015fbirli\u011fi Konseyi Heyetleraras\u0131 G\u00f6r\u00fc\u015fme Oturumu&#8217;na ba\u015fkanl\u0131k [&hellip;]"}