{"version":"1.0","provider_name":"NETBAKIS","provider_url":"https:\/\/netbakis.net\/tr","title":"Fernando Muslera ayr\u0131l\u0131\u011f\u0131 g\u00f6zya\u015flar\u0131yla a\u00e7\u0131klad\u0131: Yar\u0131n son ma\u00e7\u0131ma \u00e7\u0131kaca\u011f\u0131m - NETBAKIS","type":"rich","width":600,"height":338,"html":"<blockquote class=\"wp-embedded-content\" data-secret=\"rif3Ywp5pD\"><a href=\"https:\/\/netbakis.net\/tr\/28053\/\">Fernando Muslera ayr\u0131l\u0131\u011f\u0131 g\u00f6zya\u015flar\u0131yla a\u00e7\u0131klad\u0131: Yar\u0131n son ma\u00e7\u0131ma \u00e7\u0131kaca\u011f\u0131m<\/a><\/blockquote><iframe sandbox=\"allow-scripts\" security=\"restricted\" src=\"https:\/\/netbakis.net\/tr\/28053\/embed\/#?secret=rif3Ywp5pD\" width=\"600\" height=\"338\" title=\"&#8220;Fernando Muslera ayr\u0131l\u0131\u011f\u0131 g\u00f6zya\u015flar\u0131yla a\u00e7\u0131klad\u0131: Yar\u0131n son ma\u00e7\u0131ma \u00e7\u0131kaca\u011f\u0131m&#8221; &#8212; NETBAKIS\" data-secret=\"rif3Ywp5pD\" frameborder=\"0\" marginwidth=\"0\" marginheight=\"0\" scrolling=\"no\" class=\"wp-embedded-content\"><\/iframe><script type=\"text\/javascript\">\n\/* <![CDATA[ *\/\n\/*! This file is auto-generated *\/\n!function(d,l){\"use strict\";l.querySelector&&d.addEventListener&&\"undefined\"!=typeof URL&&(d.wp=d.wp||{},d.wp.receiveEmbedMessage||(d.wp.receiveEmbedMessage=function(e){var t=e.data;if((t||t.secret||t.message||t.value)&&!\/[^a-zA-Z0-9]\/.test(t.secret)){for(var s,r,n,a=l.querySelectorAll('iframe[data-secret=\"'+t.secret+'\"]'),o=l.querySelectorAll('blockquote[data-secret=\"'+t.secret+'\"]'),c=new RegExp(\"^https?:$\",\"i\"),i=0;i<o.length;i++)o[i].style.display=\"none\";for(i=0;i<a.length;i++)s=a[i],e.source===s.contentWindow&&(s.removeAttribute(\"style\"),\"height\"===t.message?(1e3<(r=parseInt(t.value,10))?r=1e3:~~r<200&&(r=200),s.height=r):\"link\"===t.message&&(r=new URL(s.getAttribute(\"src\")),n=new URL(t.value),c.test(n.protocol))&&n.host===r.host&&l.activeElement===s&&(d.top.location.href=t.value))}},d.addEventListener(\"message\",d.wp.receiveEmbedMessage,!1),l.addEventListener(\"DOMContentLoaded\",function(){for(var e,t,s=l.querySelectorAll(\"iframe.wp-embedded-content\"),r=0;r<s.length;r++)(t=(e=s[r]).getAttribute(\"data-secret\"))||(t=Math.random().toString(36).substring(2,12),e.src+=\"#?secret=\"+t,e.setAttribute(\"data-secret\",t)),e.contentWindow.postMessage({message:\"ready\",secret:t},\"*\")},!1)))}(window,document);\n\/\/# sourceURL=https:\/\/netbakis.net\/wp-includes\/js\/wp-embed.min.js\n\/* ]]> *\/\n<\/script>","thumbnail_url":"https:\/\/netbakis.net\/wp-content\/uploads\/2025\/05\/v2muslera_1707118313.webp","thumbnail_width":971,"thumbnail_height":551,"description":"Galatasaray\u2019\u0131n y\u0131ld\u0131z kalecisi Fernando Muslera, Ba\u015fkan Dursun \u00d6zbek ile birlikte d\u00fczenledi\u011fi bas\u0131n toplant\u0131s\u0131nda, yar\u0131n oynanacak Ba\u015fak\u015fehir ma\u00e7\u0131n\u0131n sar\u0131-k\u0131rm\u0131z\u0131l\u0131 formayla son ma\u00e7\u0131 olaca\u011f\u0131n\u0131 a\u00e7\u0131klad\u0131. Ba\u015fkan Dursun \u00d6zbek ise Muslera\u2019n\u0131n Galatasaray\u2019da g\u00f6rev almaya devam edece\u011fini duyurdu. Galatasaray\u2019\u0131n efsane kalecisi Fernando Muslera, kul\u00fcp ba\u015fkan\u0131 Dursun \u00d6zbek ile birlikte d\u00fczenledi\u011fi bas\u0131n toplant\u0131s\u0131nda sar\u0131-k\u0131rm\u0131z\u0131l\u0131 camiaya veda etti. Muslera, yar\u0131n oynanacak [&hellip;]"}